{"id":5554,"date":"2024-01-05T16:45:05","date_gmt":"2024-01-05T16:45:05","guid":{"rendered":"https:\/\/afe.epicenter1.com\/?page_id=5554"},"modified":"2026-03-19T16:36:32","modified_gmt":"2026-03-19T16:36:32","slug":"seminarios-web-del-consejo-de-jovenes-profesionales","status":"publish","type":"page","link":"https:\/\/endowment.org\/es\/young-professionals-council-webinars","title":{"rendered":"Seminarios web del Consejo de J\u00f3venes Profesionales"},"content":{"rendered":"<div\n\tid=\"block_72d4608ef9c353345b6822fd593210f1\"\n\tclass=\"nmc-block nmc-block--masthead alignfull  -no-image\">\n\t  \t\t\t<div class=\"masthead_content\">\n\t<div class=\"bound boundwide\">\n\t\t<h1 class=\"masthead_title\">Seminarios web del Consejo de J\u00f3venes Profesionales<\/h1>\n\t<\/div>\n<\/div>\t<\/div>\n\n<div\n\tid=\"block_42417be3a6485b2d5007cfec1967350b\"\n\tclass=\"nmc-block nmc-block--jump-nav aligntrue  jump-nav   aligntrue\">\n\t\t<div class=\"nmc-block_header\">\n\t\t<h2 class=\"nmc-block_title\">\n\t\tExplorar\n\t<\/h2>\n\t\t<\/div>\t<ul class=\"jump\">\n\t\t\t\t\t<li class=\"jump_li\">\n\t\t\t\t<a href=\"#upcoming\" class=\"jump_a\" >Pr\u00f3ximos seminarios web<\/a>\t\t\t<\/li>\n\t\t\t\t\t<li class=\"jump_li\">\n\t\t\t\t<a href=\"#past\" class=\"jump_a\" >Seminarios web anteriores<\/a>\t\t\t<\/li>\n\t\t\t<\/ul>\n<\/div>\n\n\n<figure class=\"wp-block-image alignright size-full is-resized\"><a href=\"https:\/\/forms.gle\/jSza5bnysqZ6BUev6\" target=\"_blank\" rel=\"noreferrer noopener\"><img loading=\"lazy\" decoding=\"async\" width=\"300\" height=\"300\" src=\"https:\/\/endowment.org\/wp-content\/uploads\/2024\/03\/image.png\" alt=\"\" class=\"wp-image-10826\" style=\"width:247px;height:auto\" srcset=\"https:\/\/endowment.org\/wp-content\/uploads\/2024\/03\/image.png 300w, https:\/\/endowment.org\/wp-content\/uploads\/2024\/03\/image-150x150.png 150w\" sizes=\"auto, (max-width: 300px) 100vw, 300px\" \/><\/a><\/figure>\n\n\n\n<p class=\"wp-block-paragraph\">AFE organiza seminarios web peri\u00f3dicos para nuestros&nbsp;<strong><a href=\"https:\/\/endowment.org\/es\/students-young-professionals\/consejo-de-jovenes-profesionales-2\/\">Consejo de J\u00f3venes Profesionales<\/a><\/strong>, las cuales est\u00e1n abiertas al p\u00fablico. Establecido en 2015, el YPC ofrece oportunidades de liderazgo y creaci\u00f3n de redes para j\u00f3venes profesionales de la industria, al tiempo que se involucra en actividades de voluntariado dentro de las industrias floral y hort\u00edcola.<\/p>\n\n\n\n\n<div class=\"nmc-buttons aligntrue  buttons   aligntrue\" id=\"block_9e4a9d60ab84065541401600b562a6e5\">\n\t\t\t<a href=\"https:\/\/form.jotform.com\/241634434987163\" class=\"btn\" target=\"_blank\">\u00a1\u00danete al YPC hoy!<\/a>\t<\/div>\n\n\n<p class=\"wp-block-paragraph\"><\/p>\n\n\n\n<h5 class=\"wp-block-heading\">\u00a1Nuevo en 2026! <strong>Serie de seminarios web sobre desarrollo profesional y liderazgo del Consejo de J\u00f3venes Profesionales (YPC)<\/strong> <\/h5>\n\n\n\n<p class=\"wp-block-paragraph\">Con el generoso apoyo de <strong><a href=\"https:\/\/endowment.org\/es\/conceder\/fondo-demaree\/\">Fondo de Promoci\u00f3n de la Floricultura de la Familia Demaree<\/a><\/strong>, AFE se complace en lanzar un nuevo <strong>Consejo de J\u00f3venes Profesionales (YPC): Serie de seminarios web sobre desarrollo profesional y liderazgo<\/strong> creado espec\u00edficamente para la pr\u00f3xima generaci\u00f3n.<\/p>\n\n\n\n<p class=\"wp-block-paragraph\">Desarrollada con la aportaci\u00f3n directa de los miembros del YPC, esta serie re\u00fane a expertos del \u00e1mbito acad\u00e9mico y de la industria floral para abordar temas como el desarrollo profesional, la financiaci\u00f3n de subvenciones, el liderazgo, los desaf\u00edos de la industria y la marca profesional. Cada sesi\u00f3n se ofrecer\u00e1 en vivo y quedar\u00e1 grabada, para que pueda unirse en tiempo real o acceder al contenido m\u00e1s tarde como parte de una biblioteca de recursos bajo demanda. <\/p>\n\n\n<div\n\tid=\"block_dcfc1ae3b64336677fa43a6e8e889c3f\"\n\tclass=\"nmc-block nmc-block--spacer alignfull  small\">\n\t  <div class=\"spacer\"><\/div>\n<\/div>\n\n<div\n\tid=\"block_e1f752535f319d36383885f45f746ec9\"\n\tclass=\"nmc-block nmc-block--webinar-listing alignfull  webinar-listing   alignfull\">\n\t<div class=\"bound boundwide\">\n      \n            \n                                                                                                                                                                                                                                                                                                                                                                                                                                                                                                                                                                                                                                                                                                                                                                                                                                \n                                                        \n                \n    \n        \n    \n    \n    <form method=\"get\" action=\"#block_e1f752535f319d36383885f45f746ec9\" data-trp-original-action=\"#block_e1f752535f319d36383885f45f746ec9\">\n          <div class=\"field -select\">\n    <label for=\"filterYear\">Filtro<\/label>\n    <select name=\"filterYear\" id=\"filterYear\">\n      <option value=\"0\">Filtrar por a\u00f1o<\/option>\n              <option value=\"2026\">2026<\/option>\n              <option value=\"2023\">2023<\/option>\n              <option value=\"2022\">2022<\/option>\n              <option value=\"2021\">2021<\/option>\n          <\/select>\n  <\/div>\n  \n        <div class=\"field -submit\">\n            <button type=\"submit\" class=\"btn -slate\">Filtro<\/button>\n        <\/div>\n    <input type=\"hidden\" name=\"trp-form-language\" value=\"es\"\/><\/form>\n    \n        <div class=\"upcoming\">\n    <h2 id=\"upcoming\">Pr\u00f3ximos seminarios web<\/h2>\n      <section class=\"listing-wrapper -columns-1\">\n            <div class=\"partial-wrapper\">\n        <div class=\"partial  -feed -webinar\">\n    \n    <div class=\"accordion\">\n        <div class=\"accordion_item\" id=\"item--1\">\n\n            <div class=\"date-time\">\n                <div class=\"date\">17 de septiembre de 2026<\/div><div class=\"time\">1:00 PM EST<\/div>            <\/div>\n\n            <h2 class=\"heading\">Construyendo tu marca profesional: Estrategias para la visibilidad, el networking y el crecimiento profesional<\/h2>\n\n                            <div class=\"speaker\"><strong>Orador<\/strong> Dr. Brian Jackson, Universidad Estatal de Carolina del Norte<\/div>\n            \n                        \n                            <div class=\"link webinar-link\">\n                    <a href=\"https:\/\/us02web.zoom.us\/webinar\/register\/WN_dXHkSQOAR9SddXBRbCsRkQ#\/registration\" target=\"_blank\" class=\"btn\">Inscr\u00edbete a este seminario web <svg xmlns=\"http:\/\/www.w3.org\/2000\/svg\" width=\"19\" height=\"15\" viewbox=\"0 0 19 15\" fill=\"none\" role=\"img\" aria-hidden=\"true\" focusable=\"false\">\n\t<title>flecha<\/title>\n    <path fill-rule=\"evenodd\" clip-rule=\"evenodd\" d=\"M10.2719 13.0367L11.7271 14.5L18.6874 7.50003L11.7271 0.5L10.2719 1.96327L14.7395 6.45489H0.3125V8.54402H14.7406L10.2719 13.0367Z\" fill=\"#ECF5E8\"\/>\n<\/svg><\/a>\n                <\/div>\n            \n            \n\n            <div class=\"accordion_item-title\">\n                \n                <button aria-expanded=\"false\">\n                <div class=\"indicator\">\n                    <svg viewbox=\"0 0 9 9\" aria-hidden=\"true\" focusable=\"false\">\n                    <rect class=\"vert\" height=\"9\" width=\"2\" y=\"0\" x=\"3.5\" \/>\n                    <rect height=\"2\" width=\"9\" y=\"3.5\" x=\"0\" \/>\n                    <\/svg>\n                <\/div>\n                Sobre este seminario web\n            <\/button>\n\n            <\/div>\n\n            \n\n            <div class=\"accordion_item-content\" hidden>\n                <p class=\"excerpt\">Establecer una marca profesional s\u00f3lida es cada vez m\u00e1s importante para los j\u00f3venes profesionales que buscan construir credibilidad y ampliar su red de contactos. La sesi\u00f3n de septiembre se centrar\u00e1 en formas pr\u00e1cticas de comunicar su experiencia, destacar su trabajo y crear conexiones significativas dentro de la industria floral.\n\nLos temas incluir\u00e1n el desarrollo de una presencia profesional en l\u00ednea, el uso estrat\u00e9gico de las redes sociales, la promoci\u00f3n de investigaciones o logros profesionales y la navegaci\u00f3n por oportunidades de establecimiento de contactos en eventos de la industria. Los asistentes se marchar\u00e1n con consejos pr\u00e1cticos para fortalecer su visibilidad profesional y posicionarse para futuras oportunidades.<\/p>\n                \n                \n\n                \n                                \n            <\/div>\n        <\/div>\n    <\/div>\n        <div class=\"image\">\n        \t\t\t\n<div class=\"image-auto\" style=\"aspect-ratio: 250 \/ 250;\">\n\t<picture>\n\t\t<source \n\t\t\tmedia=\"(max-width: 600px)\"\n\t\t\tsrcset=\"https:\/\/e1.nmcdn.io\/afe\/wp-content\/uploads\/2026\/03\/Brian-Jackson-Headshot2018_6-scaled.jpg\/v:1-dynamic:1-aspect:1-fit:cover\/Brian-Jackson-Headshot2018_6-scaled--480.webp\"\n\t\t\ttype=\"image\/webp\">\n\t\t<source\n\t\t\tsrcset=\"https:\/\/e1.nmcdn.io\/afe\/wp-content\/uploads\/2026\/03\/Brian-Jackson-Headshot2018_6-scaled.jpg\/v:1-dynamic:1-aspect:1-fit:cover\/Brian-Jackson-Headshot2018_6-scaled--600.webp\"\n\t\t\ttype=\"image\/webp\">\n\t\t<img  loading=\"lazy\"src=\"https:\/\/e1.nmcdn.io\/afe\/wp-content\/uploads\/2026\/03\/Brian-Jackson-Headshot2018_6-scaled.jpg\/v:1-dynamic:1-aspect:1-fit:cover\/Brian-Jackson-Headshot2018_6-scaled--600.webp\" alt=\"\">\n\t<\/picture>\n<\/div>\n\t\t    <\/div>\n    <\/div>        <\/div>\n            <div class=\"partial-wrapper\">\n        <div class=\"partial  -feed -webinar\">\n    \n    <div class=\"accordion\">\n        <div class=\"accordion_item\" id=\"item--2\">\n\n            <div class=\"date-time\">\n                <div class=\"date\">12 de noviembre de 2026<\/div><div class=\"time\">1:00 PM EST<\/div>            <\/div>\n\n            <h2 class=\"heading\">Exploraci\u00f3n de trayectorias profesionales en el \u00e1mbito acad\u00e9mico y la industria<\/h2>\n\n                            <div class=\"speaker\"><strong>Orador<\/strong> Dr. Alicain Carlson, Syngenta Flowers, Dr. JC Chong, SePRO Corporation y Dr. Jim Owen, Profile Growing Solutions<\/div>\n            \n                        \n                            <div class=\"link webinar-link\">\n                    <a href=\"https:\/\/us02web.zoom.us\/webinar\/register\/WN_5kMAN5QXRcKbL6pZ8D3eFw\" target=\"_blank\" class=\"btn\">Inscr\u00edbete a este seminario web <svg xmlns=\"http:\/\/www.w3.org\/2000\/svg\" width=\"19\" height=\"15\" viewbox=\"0 0 19 15\" fill=\"none\" role=\"img\" aria-hidden=\"true\" focusable=\"false\">\n\t<title>flecha<\/title>\n    <path fill-rule=\"evenodd\" clip-rule=\"evenodd\" d=\"M10.2719 13.0367L11.7271 14.5L18.6874 7.50003L11.7271 0.5L10.2719 1.96327L14.7395 6.45489H0.3125V8.54402H14.7406L10.2719 13.0367Z\" fill=\"#ECF5E8\"\/>\n<\/svg><\/a>\n                <\/div>\n            \n            \n\n            <div class=\"accordion_item-title\">\n                \n                <button aria-expanded=\"false\">\n                <div class=\"indicator\">\n                    <svg viewbox=\"0 0 9 9\" aria-hidden=\"true\" focusable=\"false\">\n                    <rect class=\"vert\" height=\"9\" width=\"2\" y=\"0\" x=\"3.5\" \/>\n                    <rect height=\"2\" width=\"9\" y=\"3.5\" x=\"0\" \/>\n                    <\/svg>\n                <\/div>\n                Sobre este seminario web\n            <\/button>\n\n            <\/div>\n\n            \n\n            <div class=\"accordion_item-content\" hidden>\n                <p class=\"excerpt\">Las trayectorias profesionales en la floricultura a menudo abarcan tanto el \u00e1mbito acad\u00e9mico como el industrial, y ofrecen una variedad de oportunidades para profesionales con diversos intereses y experiencia. La sesi\u00f3n de noviembre contar\u00e1 con un panel de ponentes que han desarrollado sus carreras en ambos sectores y compartir\u00e1n perspectivas sobre sus experiencias.\n\nLos panelistas discutir\u00e1n c\u00f3mo evolucionaron sus carreras, qu\u00e9 influy\u00f3 en sus transiciones entre puestos y c\u00f3mo los j\u00f3venes profesionales pueden evaluar posibles rumbos profesionales. La sesi\u00f3n ofrecer\u00e1 una perspectiva sobre los diferentes panoramas profesionales dentro de la academia y la industria, al tiempo que brindar\u00e1 orientaci\u00f3n a quienes est\u00e9n considerando nuevas oportunidades profesionales. Una sesi\u00f3n de preguntas y respuestas en vivo permitir\u00e1 a los participantes interactuar directamente con los ponentes.<\/p>\n                \n                \n\n                \n                                    <div class=\"moderator\"><strong>Moderador:<\/strong> Laura Barth, American Floral Endowment<\/div>\n                                \n            <\/div>\n        <\/div>\n    <\/div>\n        <div class=\"image\">\n        \t\t\t\n<div class=\"image-auto\" style=\"aspect-ratio: 250 \/ 250;\">\n\t<picture>\n\t\t<source \n\t\t\tmedia=\"(max-width: 600px)\"\n\t\t\tsrcset=\"https:\/\/e1.nmcdn.io\/afe\/wp-content\/uploads\/2026\/03\/image-1.png\/v:1-dynamic:1-aspect:1-fit:cover\/image-1--480.webp\"\n\t\t\ttype=\"image\/webp\">\n\t\t<source\n\t\t\tsrcset=\"https:\/\/e1.nmcdn.io\/afe\/wp-content\/uploads\/2026\/03\/image-1.png\/v:1-dynamic:1-aspect:1-fit:cover\/image-1--600.webp\"\n\t\t\ttype=\"image\/webp\">\n\t\t<img  loading=\"lazy\"src=\"https:\/\/e1.nmcdn.io\/afe\/wp-content\/uploads\/2026\/03\/image-1.png\/v:1-dynamic:1-aspect:1-fit:cover\/image-1--600.webp\" alt=\"\">\n\t<\/picture>\n<\/div>\n\t\t    <\/div>\n    <\/div>        <\/div>\n    <\/section>\n    <\/div>\n        \n        \n                \n        \n          <div class=\"past\">\n        <h2 id=\"past\">Seminarios web anteriores<\/h2>\n        <section class=\"listing-wrapper -columns-1 past-webinars\">\n            <div class=\"partial-wrapper\">\n        <div class=\"partial  -feed -webinar\">\n    \n    <div class=\"accordion\">\n        <div class=\"accordion_item\" id=\"item--1\">\n\n            <div class=\"date-time\">\n                <div class=\"date\">23 de julio de 2026<\/div><div class=\"time\">1:00 PM EST<\/div>            <\/div>\n\n            <h2 class=\"heading\">La B\u00fasqueda del Prop\u00f3sito: Un Viaje de Liderazgo y Perseverancia<\/h2>\n\n                            <div class=\"speaker\"><strong>Orador<\/strong> Lane DeVries, CalFlowers<\/div>\n            \n                        \n                            <div class=\"link webinar-link\">\n                    <a href=\"https:\/\/us02web.zoom.us\/webinar\/register\/WN_T2-_he-xSjmLiBwpLqYlbA#\/registration\" target=\"_blank\" class=\"btn\">Inscr\u00edbete a este seminario web <svg xmlns=\"http:\/\/www.w3.org\/2000\/svg\" width=\"19\" height=\"15\" viewbox=\"0 0 19 15\" fill=\"none\" role=\"img\" aria-hidden=\"true\" focusable=\"false\">\n\t<title>flecha<\/title>\n    <path fill-rule=\"evenodd\" clip-rule=\"evenodd\" d=\"M10.2719 13.0367L11.7271 14.5L18.6874 7.50003L11.7271 0.5L10.2719 1.96327L14.7395 6.45489H0.3125V8.54402H14.7406L10.2719 13.0367Z\" fill=\"#ECF5E8\"\/>\n<\/svg><\/a>\n                <\/div>\n            \n            \n\n            <div class=\"accordion_item-title\">\n                \n                <button aria-expanded=\"false\">\n                <div class=\"indicator\">\n                    <svg viewbox=\"0 0 9 9\" aria-hidden=\"true\" focusable=\"false\">\n                    <rect class=\"vert\" height=\"9\" width=\"2\" y=\"0\" x=\"3.5\" \/>\n                    <rect height=\"2\" width=\"9\" y=\"3.5\" x=\"0\" \/>\n                    <\/svg>\n                <\/div>\n                Sobre este seminario web\n            <\/button>\n\n            <\/div>\n\n            \n\n            <div class=\"accordion_item-content\" hidden>\n                <p class=\"excerpt\">\u00bfQu\u00e9 se necesita para transformar unos humildes comienzos en un \u00e9xito extraordinario? Acom\u00f3\u00f1enos en una inspiradora conversaci\u00f3n con Lane DeVries, un floricultor de origen holand\u00e9s y exitoso autor que comenz\u00f3 su trayectoria en una peque\u00f1a granja familiar en Holanda y pas\u00f3 a fundar Sun Valley Floral Farms, que en su d\u00eda fue el mayor productor de flor cortada de Estados Unidos.\n\nComo parte de nuestra Serie de Webinarios de Desarrollo Profesional y Liderazgo, esta sesi\u00f3n motivacional est\u00e1 dise\u00f1ada especialmente para j\u00f3venes profesionales interesados en desarrollar s\u00f3lidas habilidades de liderazgo personal. Lane compartir\u00e1 los momentos decisivos, las duras lecciones y las oportunidades cruciales que moldearon su camino, muchos de los cuales se destacan en su nuevo libro, The Pursuit of Purpose. A trav\u00e9s de historias de reveses, resiliencia y determinaci\u00f3n, reflexiona sobre los desaf\u00edos a los que se enfrent\u00f3 y la mentalidad de liderazgo que le ayud\u00f3 a mantenerse enfocado en su prop\u00f3sito mientras constru\u00eda algo significativo.<\/p>\n                \n                \n\n                \n                                \n            <\/div>\n        <\/div>\n    <\/div>\n        <div class=\"image\">\n        \t\t\t\n<div class=\"image-auto\" style=\"aspect-ratio: 250 \/ 250;\">\n\t<picture>\n\t\t<source \n\t\t\tmedia=\"(max-width: 600px)\"\n\t\t\tsrcset=\"https:\/\/e1.nmcdn.io\/afe\/wp-content\/uploads\/2026\/03\/Lane-e1741094299278-1.webp\/v:1-dynamic:1-aspect:1-fit:cover\/Lane-e1741094299278-1--480.webp\"\n\t\t\ttype=\"image\/webp\">\n\t\t<source\n\t\t\tsrcset=\"https:\/\/e1.nmcdn.io\/afe\/wp-content\/uploads\/2026\/03\/Lane-e1741094299278-1.webp\/v:1-dynamic:1-aspect:1-fit:cover\/Lane-e1741094299278-1--600.webp\"\n\t\t\ttype=\"image\/webp\">\n\t\t<img  loading=\"lazy\"src=\"https:\/\/e1.nmcdn.io\/afe\/wp-content\/uploads\/2026\/03\/Lane-e1741094299278-1.webp\/v:1-dynamic:1-aspect:1-fit:cover\/Lane-e1741094299278-1--600.webp\" alt=\"\">\n\t<\/picture>\n<\/div>\n\t\t    <\/div>\n    <\/div>        <\/div>\n            <div class=\"partial-wrapper\">\n        <div class=\"partial  -feed -webinar\">\n    \n    <div class=\"accordion\">\n        <div class=\"accordion_item\" id=\"item--2\">\n\n            <div class=\"date-time\">\n                <div class=\"date\">12 de mayo de 2026<\/div><div class=\"time\">1:00 PM EST<\/div>            <\/div>\n\n            <h2 class=\"heading\">Redacci\u00f3n de propuestas para oportunidades de financiaci\u00f3n del gobierno y la industria<\/h2>\n\n                            <div class=\"speaker\"><strong>Orador<\/strong> Dr. Erik Runkle, Universidad Estatal de M\u00edchigan y Dra. Mary Wildermuth, Universidad de California, Berkeley<\/div>\n            \n                        \n                            <div class=\"link webinar-link\">\n                    <a href=\"https:\/\/us02web.zoom.us\/webinar\/register\/WN_D9hk_EvNQS-jM4BwqZLspw#\/registration\" target=\"_blank\" class=\"btn\">Inscr\u00edbete a este seminario web <svg xmlns=\"http:\/\/www.w3.org\/2000\/svg\" width=\"19\" height=\"15\" viewbox=\"0 0 19 15\" fill=\"none\" role=\"img\" aria-hidden=\"true\" focusable=\"false\">\n\t<title>flecha<\/title>\n    <path fill-rule=\"evenodd\" clip-rule=\"evenodd\" d=\"M10.2719 13.0367L11.7271 14.5L18.6874 7.50003L11.7271 0.5L10.2719 1.96327L14.7395 6.45489H0.3125V8.54402H14.7406L10.2719 13.0367Z\" fill=\"#ECF5E8\"\/>\n<\/svg><\/a>\n                <\/div>\n            \n                            <div class=\"link recording-link\">\n                    <a href=\"https:\/\/youtu.be\/f_gSpdLvPUc\" target=\"_blank\" class=\"btn\">Ver la grabaci\u00f3n <svg xmlns=\"http:\/\/www.w3.org\/2000\/svg\" width=\"19\" height=\"15\" viewbox=\"0 0 19 15\" fill=\"none\" role=\"img\" aria-hidden=\"true\" focusable=\"false\">\n\t<title>flecha<\/title>\n    <path fill-rule=\"evenodd\" clip-rule=\"evenodd\" d=\"M10.2719 13.0367L11.7271 14.5L18.6874 7.50003L11.7271 0.5L10.2719 1.96327L14.7395 6.45489H0.3125V8.54402H14.7406L10.2719 13.0367Z\" fill=\"#ECF5E8\"\/>\n<\/svg><\/a>\n                <\/div>\n            \n\n            <div class=\"accordion_item-title\">\n                \n                <button aria-expanded=\"false\">\n                <div class=\"indicator\">\n                    <svg viewbox=\"0 0 9 9\" aria-hidden=\"true\" focusable=\"false\">\n                    <rect class=\"vert\" height=\"9\" width=\"2\" y=\"0\" x=\"3.5\" \/>\n                    <rect height=\"2\" width=\"9\" y=\"3.5\" x=\"0\" \/>\n                    <\/svg>\n                <\/div>\n                Sobre este seminario web\n            <\/button>\n\n            <\/div>\n\n            \n\n            <div class=\"accordion_item-content\" hidden>\n                <p class=\"excerpt\">Obtener financiaci\u00f3n para la investigaci\u00f3n se ha vuelto cada vez m\u00e1s competitivo para los investigadores y profesores que ingresan al campo. La sesi\u00f3n de mayo ofrecer\u00e1 una visi\u00f3n general de las estrategias para redactar y presentar con \u00e9xito propuestas de subvenci\u00f3n tanto para agencias gubernamentales como para programas de la industria.\n\nLos ponentes hablar\u00e1n sobre los elementos clave de las solicitudes de subvenci\u00f3n s\u00f3lidas, los errores comunes que se deben evitar y las diferencias entre solicitar financiaci\u00f3n federal frente a oportunidades respaldadas por la industria. Los asistentes tambi\u00e9n conocer\u00e1n las oportunidades de financiaci\u00f3n actuales que apoyan la investigaci\u00f3n y la innovaci\u00f3n en la floricultura. La sesi\u00f3n incluir\u00e1 tiempo para preguntas de la audiencia.<\/p>\n                \n                \n\n                \n                                    <div class=\"moderator\"><strong>Moderador:<\/strong> Laura Barth, American Floral Endowment<\/div>\n                                \n            <\/div>\n        <\/div>\n    <\/div>\n        <div class=\"image\">\n        \t\t\t\n<div class=\"image-auto\" style=\"aspect-ratio: 250 \/ 250;\">\n\t<picture>\n\t\t<source \n\t\t\tmedia=\"(max-width: 600px)\"\n\t\t\tsrcset=\"https:\/\/e1.nmcdn.io\/afe\/wp-content\/uploads\/2026\/03\/image-1.png\/v:1-dynamic:1-aspect:1-fit:cover\/image-1--480.webp\"\n\t\t\ttype=\"image\/webp\">\n\t\t<source\n\t\t\tsrcset=\"https:\/\/e1.nmcdn.io\/afe\/wp-content\/uploads\/2026\/03\/image-1.png\/v:1-dynamic:1-aspect:1-fit:cover\/image-1--600.webp\"\n\t\t\ttype=\"image\/webp\">\n\t\t<img  loading=\"lazy\"src=\"https:\/\/e1.nmcdn.io\/afe\/wp-content\/uploads\/2026\/03\/image-1.png\/v:1-dynamic:1-aspect:1-fit:cover\/image-1--600.webp\" alt=\"\">\n\t<\/picture>\n<\/div>\n\t\t    <\/div>\n    <\/div>        <\/div>\n            <div class=\"partial-wrapper\">\n        <div class=\"partial  -feed -webinar\">\n    \n    <div class=\"accordion\">\n        <div class=\"accordion_item\" id=\"item--3\">\n\n            <div class=\"date-time\">\n                <div class=\"date\">23 de abril de 2026<\/div><div class=\"time\">1:00 PM EST<\/div>            <\/div>\n\n            <h2 class=\"heading\">Panel de L\u00edderes de la Industria: Historias, Desaf\u00edos y Consejos para J\u00f3venes Profesionales<\/h2>\n\n                            <div class=\"speaker\"><strong>Orador<\/strong> John Burk, DVFlora, Laura Shinall, FreshPath Marketing y Art Van Wingerden, Metrolina Greenhouses<\/div>\n            \n                        \n                            <div class=\"link webinar-link\">\n                    <a href=\"https:\/\/us02web.zoom.us\/webinar\/register\/WN_t9_Hq-rWScq1rCE2cwDROQ#\/registration\" target=\"_blank\" class=\"btn\">Inscr\u00edbete a este seminario web <svg xmlns=\"http:\/\/www.w3.org\/2000\/svg\" width=\"19\" height=\"15\" viewbox=\"0 0 19 15\" fill=\"none\" role=\"img\" aria-hidden=\"true\" focusable=\"false\">\n\t<title>flecha<\/title>\n    <path fill-rule=\"evenodd\" clip-rule=\"evenodd\" d=\"M10.2719 13.0367L11.7271 14.5L18.6874 7.50003L11.7271 0.5L10.2719 1.96327L14.7395 6.45489H0.3125V8.54402H14.7406L10.2719 13.0367Z\" fill=\"#ECF5E8\"\/>\n<\/svg><\/a>\n                <\/div>\n            \n            \n\n            <div class=\"accordion_item-title\">\n                \n                <button aria-expanded=\"false\">\n                <div class=\"indicator\">\n                    <svg viewbox=\"0 0 9 9\" aria-hidden=\"true\" focusable=\"false\">\n                    <rect class=\"vert\" height=\"9\" width=\"2\" y=\"0\" x=\"3.5\" \/>\n                    <rect height=\"2\" width=\"9\" y=\"3.5\" x=\"0\" \/>\n                    <\/svg>\n                <\/div>\n                Sobre este seminario web\n            <\/button>\n\n            <\/div>\n\n            \n\n            <div class=\"accordion_item-content\" hidden>\n                <p class=\"excerpt\">La sesi\u00f3n de abril presenta un panel interactivo que re\u00fane a l\u00edderes experimentados de toda la cadena de suministro floral para compartir sus trayectorias profesionales, lecciones clave y perspectivas sobre la evoluci\u00f3n de la industria. Los panelistas hablar\u00e1n con franqueza sobre las realidades de construir una carrera en la floricultura, incluidos los desaf\u00edos que han navegado, los momentos cruciales que moldearon sus caminos y las oportunidades que vislumbran para la pr\u00f3xima generaci\u00f3n.\n\nLos participantes obtendr\u00e1n conocimientos pr\u00e1cticos sobre c\u00f3mo tomar decisiones al inicio de su carrera, construir relaciones profesionales significativas y posicionarse para el \u00e9xito a largo plazo en una industria que cambia r\u00e1pidamente. La sesi\u00f3n concluir\u00e1 con una sesi\u00f3n de preguntas y respuestas en vivo, lo que brindar\u00e1 a los asistentes la oportunidad de interactuar directamente con los panelistas y continuar la conversaci\u00f3n.<\/p>\n                \n                \n\n                \n                                    <div class=\"moderator\"><strong>Moderador:<\/strong> Melanie Spilbeler, Choice Farms<\/div>\n                                \n            <\/div>\n        <\/div>\n    <\/div>\n        <div class=\"image\">\n        \t\t\t\n<div class=\"image-auto\" style=\"aspect-ratio: 250 \/ 250;\">\n\t<picture>\n\t\t<source \n\t\t\tmedia=\"(max-width: 600px)\"\n\t\t\tsrcset=\"https:\/\/e1.nmcdn.io\/afe\/wp-content\/uploads\/2026\/03\/image-1.png\/v:1-dynamic:1-aspect:1-fit:cover\/image-1--480.webp\"\n\t\t\ttype=\"image\/webp\">\n\t\t<source\n\t\t\tsrcset=\"https:\/\/e1.nmcdn.io\/afe\/wp-content\/uploads\/2026\/03\/image-1.png\/v:1-dynamic:1-aspect:1-fit:cover\/image-1--600.webp\"\n\t\t\ttype=\"image\/webp\">\n\t\t<img  loading=\"lazy\"src=\"https:\/\/e1.nmcdn.io\/afe\/wp-content\/uploads\/2026\/03\/image-1.png\/v:1-dynamic:1-aspect:1-fit:cover\/image-1--600.webp\" alt=\"\">\n\t<\/picture>\n<\/div>\n\t\t    <\/div>\n    <\/div>        <\/div>\n    <\/section>\n      <\/div>\n    <\/div>\n<\/div>\n\n\t\n<div\n\tid=\"past\"\n\tclass=\"nmc-block nmc-block--listing-preview alignfull  listing-preview   center\">\n\t\n\t\t\n\t\t\t\t\n\n\t\t\t\t\t\t\t\t\t\t\t\t\t\t\t\t\t\t\t\t\t\t\t\n\t\n\t\t\t\t\t\n\t\t\t\t\t\t\t\n\t\t\n\n\t<div class=\"bound boundcenter\">\n\t\t\t<h2 class=\"nmc-block_title\">\n\t\tGrabaciones de seminarios web y desarrollo profesional\n\t<\/h2>\n\t\t\t\t\t<\/div>\n\t<div class=\"bound boundcenter\">\n\t\t\t\t\t<section class=\"listing-wrapper -columns-3\">\n            <div class=\"partial-wrapper\">\n        <div class=\"partial -card -webinar\">\n    <div class=\"text\">\n        <h2 class=\"heading\">\n\t\t\t\t\t\t\t<a class=\"link\" href=\"https:\/\/www.youtube.com\/watch?v=CPjiLHb787E\">\n\t\t\t\t\t\t\tPrepararse para el \u00e9xito: Retos y oportunidades para los j\u00f3venes profesionales despu\u00e9s de la COVID-19\n\t\t\t<\/a>        <\/h2>\n        \n                \n    <\/div>\n        <div class=\"image\">\n\n        <div class=\"date\">\n            <div class=\"date-wrap\">\n                <div class=\"m\">mayo<\/div>\n                <div class=\"d\">26<\/div>\n            <\/div>\n        <\/div>\n        \n        \n<div class=\"image-auto\" style=\"aspect-ratio: 340 \/ 340;\">\n\t<picture>\n\t\t<source \n\t\t\tmedia=\"(max-width: 600px)\"\n\t\t\tsrcset=\"https:\/\/e1.nmcdn.io\/afe\/wp-content\/uploads\/2023\/12\/YPC-Webinar-Page-Logo-1.jpg\/v:1-dynamic:1-aspect:1-fit:cover\/YPC-Webinar-Page-Logo-1--480.webp\"\n\t\t\ttype=\"image\/webp\">\n\t\t<source\n\t\t\tsrcset=\"https:\/\/e1.nmcdn.io\/afe\/wp-content\/uploads\/2023\/12\/YPC-Webinar-Page-Logo-1.jpg\/v:1-dynamic:1-aspect:1-fit:cover\/YPC-Webinar-Page-Logo-1--600.webp\"\n\t\t\ttype=\"image\/webp\">\n\t\t<img  loading=\"lazy\"src=\"https:\/\/e1.nmcdn.io\/afe\/wp-content\/uploads\/2023\/12\/YPC-Webinar-Page-Logo-1.jpg\/v:1-dynamic:1-aspect:1-fit:cover\/YPC-Webinar-Page-Logo-1--600.webp\" alt=\"\">\n\t<\/picture>\n<\/div>\n\t\t\n    <\/div>\n    <\/div>        <\/div>\n            <div class=\"partial-wrapper\">\n        <div class=\"partial -card -webinar\">\n    <div class=\"text\">\n        <h2 class=\"heading\">\n\t\t\t\t\t\t\t<a class=\"link\" href=\"https:\/\/www.youtube.com\/watch?v=HxMSURzC-WI&amp;list=PL5n2H0xdwPQ51Al0A35pUUYfn-LYSRRLp&amp;index=2\">\n\t\t\t\t\t\t\tPerspectivas profesionales: Resultados de encuestas y consejos de la industria y la academia para j\u00f3venes profesionales\n\t\t\t<\/a>        <\/h2>\n        \n                \n    <\/div>\n        <div class=\"image\">\n\n        <div class=\"date\">\n            <div class=\"date-wrap\">\n                <div class=\"m\">Noviembre<\/div>\n                <div class=\"d\">16<\/div>\n            <\/div>\n        <\/div>\n        \n        \n<div class=\"image-auto\" style=\"aspect-ratio: 340 \/ 340;\">\n\t<picture>\n\t\t<source \n\t\t\tmedia=\"(max-width: 600px)\"\n\t\t\tsrcset=\"https:\/\/e1.nmcdn.io\/afe\/wp-content\/uploads\/2023\/12\/YPC-Webinar-Page-Logo-1.jpg\/v:1-dynamic:1-aspect:1-fit:cover\/YPC-Webinar-Page-Logo-1--480.webp\"\n\t\t\ttype=\"image\/webp\">\n\t\t<source\n\t\t\tsrcset=\"https:\/\/e1.nmcdn.io\/afe\/wp-content\/uploads\/2023\/12\/YPC-Webinar-Page-Logo-1.jpg\/v:1-dynamic:1-aspect:1-fit:cover\/YPC-Webinar-Page-Logo-1--600.webp\"\n\t\t\ttype=\"image\/webp\">\n\t\t<img  loading=\"lazy\"src=\"https:\/\/e1.nmcdn.io\/afe\/wp-content\/uploads\/2023\/12\/YPC-Webinar-Page-Logo-1.jpg\/v:1-dynamic:1-aspect:1-fit:cover\/YPC-Webinar-Page-Logo-1--600.webp\" alt=\"\">\n\t<\/picture>\n<\/div>\n\t\t\n    <\/div>\n    <\/div>        <\/div>\n            <div class=\"partial-wrapper\">\n        <div class=\"partial -card -webinar\">\n    <div class=\"text\">\n        <h2 class=\"heading\">\n\t\t\t\t\t\t\t<a class=\"link\" href=\"https:\/\/youtu.be\/PO7D4ZQcmw0\">\n\t\t\t\t\t\t\tRegreso a los eventos presenciales: Consejos y trucos de networking para eventos de la industria\n\t\t\t<\/a>        <\/h2>\n        \n                \n    <\/div>\n        <div class=\"image\">\n\n        <div class=\"date\">\n            <div class=\"date-wrap\">\n                <div class=\"m\">Abr<\/div>\n                <div class=\"d\">14<\/div>\n            <\/div>\n        <\/div>\n        \n        \n<div class=\"image-auto\" style=\"aspect-ratio: 340 \/ 340;\">\n\t<picture>\n\t\t<source \n\t\t\tmedia=\"(max-width: 600px)\"\n\t\t\tsrcset=\"https:\/\/e1.nmcdn.io\/afe\/wp-content\/uploads\/imported-files\/Untitled-design-6-1.png\/v:1-dynamic:1-aspect:1-fit:cover\/Untitled-design-6-1--480.webp\"\n\t\t\ttype=\"image\/webp\">\n\t\t<source\n\t\t\tsrcset=\"https:\/\/e1.nmcdn.io\/afe\/wp-content\/uploads\/imported-files\/Untitled-design-6-1.png\/v:1-dynamic:1-aspect:1-fit:cover\/Untitled-design-6-1--600.webp\"\n\t\t\ttype=\"image\/webp\">\n\t\t<img  loading=\"lazy\"src=\"https:\/\/e1.nmcdn.io\/afe\/wp-content\/uploads\/imported-files\/Untitled-design-6-1.png\/v:1-dynamic:1-aspect:1-fit:cover\/Untitled-design-6-1--600.webp\" alt=\"\">\n\t<\/picture>\n<\/div>\n\t\t\n    <\/div>\n    <\/div>        <\/div>\n            <div class=\"partial-wrapper\">\n        <div class=\"partial -card -webinar\">\n    <div class=\"text\">\n        <h2 class=\"heading\">\n\t\t\t\t\t\t\t<a class=\"link\" href=\"https:\/\/www.youtube.com\/watch?v=KGQuDn8gR5U&amp;list=PL5n2H0xdwPQ51Al0A35pUUYfn-LYSRRLp&amp;index=4\">\n\t\t\t\t\t\t\tConsejos para hacer presentaciones industriales eficaces\n\t\t\t<\/a>        <\/h2>\n        \n                \n    <\/div>\n        <div class=\"image\">\n\n        <div class=\"date\">\n            <div class=\"date-wrap\">\n                <div class=\"m\">mayo<\/div>\n                <div class=\"d\">25<\/div>\n            <\/div>\n        <\/div>\n        \n        \n<div class=\"image-auto\" style=\"aspect-ratio: 340 \/ 340;\">\n\t<picture>\n\t\t<source \n\t\t\tmedia=\"(max-width: 600px)\"\n\t\t\tsrcset=\"https:\/\/e1.nmcdn.io\/afe\/wp-content\/uploads\/imported-files\/2020-JAckie-Headshot-Close.jpg\/v:1-dynamic:1-aspect:1-fit:cover\/2020-JAckie-Headshot-Close--480.webp\"\n\t\t\ttype=\"image\/webp\">\n\t\t<source\n\t\t\tsrcset=\"https:\/\/e1.nmcdn.io\/afe\/wp-content\/uploads\/imported-files\/2020-JAckie-Headshot-Close.jpg\/v:1-dynamic:1-aspect:1-fit:cover\/2020-JAckie-Headshot-Close--600.webp\"\n\t\t\ttype=\"image\/webp\">\n\t\t<img  loading=\"lazy\"src=\"https:\/\/e1.nmcdn.io\/afe\/wp-content\/uploads\/imported-files\/2020-JAckie-Headshot-Close.jpg\/v:1-dynamic:1-aspect:1-fit:cover\/2020-JAckie-Headshot-Close--600.webp\" alt=\"\">\n\t<\/picture>\n<\/div>\n\t\t\n    <\/div>\n    <\/div>        <\/div>\n            <div class=\"partial-wrapper\">\n        <div class=\"partial -card -webinar\">\n    <div class=\"text\">\n        <h2 class=\"heading\">\n\t\t\t\t\t\t\t<a class=\"link\" href=\"https:\/\/youtu.be\/0RSNsdfEvoc\">\n\t\t\t\t\t\t\tDesarrollo de sus habilidades de gesti\u00f3n de equipos como j\u00f3venes profesionales\n\t\t\t<\/a>        <\/h2>\n        \n                \n    <\/div>\n        <div class=\"image\">\n\n        <div class=\"date\">\n            <div class=\"date-wrap\">\n                <div class=\"m\">S\u00ed<\/div>\n                <div class=\"d\">27<\/div>\n            <\/div>\n        <\/div>\n        \n        \n<div class=\"image-auto\" style=\"aspect-ratio: 340 \/ 340;\">\n\t<picture>\n\t\t<source \n\t\t\tmedia=\"(max-width: 600px)\"\n\t\t\tsrcset=\"https:\/\/e1.nmcdn.io\/afe\/wp-content\/uploads\/imported-files\/megan.png\/v:1-dynamic:1-aspect:1-fit:cover\/megan--480.webp\"\n\t\t\ttype=\"image\/webp\">\n\t\t<source\n\t\t\tsrcset=\"https:\/\/e1.nmcdn.io\/afe\/wp-content\/uploads\/imported-files\/megan.png\/v:1-dynamic:1-aspect:1-fit:cover\/megan--600.webp\"\n\t\t\ttype=\"image\/webp\">\n\t\t<img  loading=\"lazy\"src=\"https:\/\/e1.nmcdn.io\/afe\/wp-content\/uploads\/imported-files\/megan.png\/v:1-dynamic:1-aspect:1-fit:cover\/megan--600.webp\" alt=\"\">\n\t<\/picture>\n<\/div>\n\t\t\n    <\/div>\n    <\/div>        <\/div>\n            <div class=\"partial-wrapper\">\n        <div class=\"partial -card -webinar\">\n    <div class=\"text\">\n        <h2 class=\"heading\">\n\t\t\t\t\t\t\t<a class=\"link\" href=\"https:\/\/youtu.be\/PDvpAhD0H3M\">\n\t\t\t\t\t\t\tResoluci\u00f3n Profesional de Problemas\n\t\t\t<\/a>        <\/h2>\n        \n                \n    <\/div>\n        <div class=\"image\">\n\n        <div class=\"date\">\n            <div class=\"date-wrap\">\n                <div class=\"m\">Noviembre<\/div>\n                <div class=\"d\">9<\/div>\n            <\/div>\n        <\/div>\n        \n        \n<div class=\"image-auto\" style=\"aspect-ratio: 340 \/ 340;\">\n\t<picture>\n\t\t<source \n\t\t\tmedia=\"(max-width: 600px)\"\n\t\t\tsrcset=\"https:\/\/e1.nmcdn.io\/afe\/wp-content\/uploads\/imported-files\/Untitled-design-67.png\/v:1-dynamic:1-aspect:1-fit:cover\/Untitled-design-67--480.webp\"\n\t\t\ttype=\"image\/webp\">\n\t\t<source\n\t\t\tsrcset=\"https:\/\/e1.nmcdn.io\/afe\/wp-content\/uploads\/imported-files\/Untitled-design-67.png\/v:1-dynamic:1-aspect:1-fit:cover\/Untitled-design-67--600.webp\"\n\t\t\ttype=\"image\/webp\">\n\t\t<img  loading=\"lazy\"src=\"https:\/\/e1.nmcdn.io\/afe\/wp-content\/uploads\/imported-files\/Untitled-design-67.png\/v:1-dynamic:1-aspect:1-fit:cover\/Untitled-design-67--600.webp\" alt=\"\">\n\t<\/picture>\n<\/div>\n\t\t\n    <\/div>\n    <\/div>        <\/div>\n    <\/section>\n\t\t\n\t\t\t\t<div class=\"block-link\">\n\t\t\t<a href=\"#past\" class=\"btn\" >#pasado<\/a>\t\t<\/div>\n\t\t\t<\/div>\n<\/div>\n\n<div\n\tid=\"block_f32b365c277101f6eeea6e2efff7fa8d\"\n\tclass=\"nmc-block nmc-block--youtube-subscribe alignfull   -filled -reverse\">\n\t  <div class=\"bound boundwider wrap\">\n    <div class=\"content\">\n      \t<h2 class=\"nmc-block_title\">\n\t\t\u00a1Suscr\u00edbete a AFE en YouTube!\n\t<\/h2>\n      <a href=\"https:\/\/www.youtube.com\/endowmentorg\" target=\"_blank\" class=\"btn -pink\">Ver todas las grabaciones y videos anteriores<\/a>\n    <\/div>\n    <div class=\"image\">\n                    <a href=\"https:\/\/www.youtube.com\/endowmentorg\" target=\"_blank\">        <img decoding=\"async\" src=\"https:\/\/endowment.org\/wp-content\/uploads\/2023\/11\/youtube.png\" width=\"432\" height=\"302\" alt=\"El logotipo de YouTube fotografiado sobre un fondo de un campo floral\" loading=\"lazy\">\n      <\/a>          <\/div>\n    \n  <\/div>\n<\/div>\n\n<div\n\tid=\"block_325dca28a75104eb3feb0149a7bd8025\"\n\tclass=\"nmc-block nmc-block--cta-tabbed alignfull   -filled -reverse last-block\">\n\t\n  <div class=\"image\">\n      \n<div class=\"image-auto\" style=\"aspect-ratio: 1400 \/ 681;\">\n\t<picture>\n\t\t<source \n\t\t\tmedia=\"(max-width: 600px)\"\n\t\t\tsrcset=\"https:\/\/e1.nmcdn.io\/afe\/wp-content\/uploads\/2024\/03\/dorne-marting-WJJ3xP5Z_vw-unsplash-scaled.jpg\/v:1-dynamic:1-aspect:2.0571428571429-fit:cover\/dorne-marting-WJJ3xP5Z_vw-unsplash-scaled--480.webp\"\n\t\t\ttype=\"image\/webp\">\n\t\t<source\n\t\t\tsrcset=\"https:\/\/e1.nmcdn.io\/afe\/wp-content\/uploads\/2024\/03\/dorne-marting-WJJ3xP5Z_vw-unsplash-scaled.jpg\/v:1-dynamic:1-aspect:2.0571428571429-fit:cover\/dorne-marting-WJJ3xP5Z_vw-unsplash-scaled--1400.webp\"\n\t\t\ttype=\"image\/webp\">\n\t\t<img  loading=\"lazy\"src=\"https:\/\/e1.nmcdn.io\/afe\/wp-content\/uploads\/2024\/03\/dorne-marting-WJJ3xP5Z_vw-unsplash-scaled.jpg\/v:1-dynamic:1-aspect:2.0571428571429-fit:cover\/dorne-marting-WJJ3xP5Z_vw-unsplash-scaled--1400.webp\" alt=\"\">\n\t<\/picture>\n<\/div>\n    <\/div>\n  <div class=\"bound boundwider wrap\">\n    <div class=\"content\">\n      \t<h2 class=\"nmc-block_title\">\n\t\t\u00bfBusca financiaci\u00f3n?\n\t<\/h2>\n\n      <div class=\"tabs\">\n        <div role=\"tablist\" class=\"tabs_list\">\n                                  <button role=\"tab\" aria-controls=\"tabpanel-block_325dca28a75104eb3feb0149a7bd8025-1\" id=\"tab-block_325dca28a75104eb3feb0149a7bd8025-1\" class=\"tab\" >Investigaci\u00f3n<\/button>\n                                  <button role=\"tab\" aria-controls=\"tabpanel-block_325dca28a75104eb3feb0149a7bd8025-2\" id=\"tab-block_325dca28a75104eb3feb0149a7bd8025-2\" class=\"tab\" tabindex=\"-1\">Becas<\/button>\n                                  <button role=\"tab\" aria-controls=\"tabpanel-block_325dca28a75104eb3feb0149a7bd8025-3\" id=\"tab-block_325dca28a75104eb3feb0149a7bd8025-3\" class=\"tab\" tabindex=\"-1\">Subvenciones<\/button>\n                  <\/div>\n                  <div tabindex=\"0\" role=\"tabpanel\" id=\"tabpanel-block_325dca28a75104eb3feb0149a7bd8025-1\" aria-labelledby=\"tab-block_325dca28a75104eb3feb0149a7bd8025-1\"  class=\"tab_panel\">\n            AFE se compromete a apoyar la investigaci\u00f3n que hace avanzar a la industria y combate los desaf\u00edos actuales. Esta investigaci\u00f3n beneficia a todos los sectores de la industria. Aceptamos nuevas solicitudes de propuestas de investigaci\u00f3n antes del 1 de agosto de cada a\u00f1o. \n\n            <div class=\"link\">\n              <a href=\"https:\/\/endowment.org\/es\/investigacion\/floriculture-research-application\/\" class=\"btn\" >Solicitar financiaci\u00f3n<\/a>            <\/div>\n          <\/div>\n                  <div tabindex=\"0\" role=\"tabpanel\" id=\"tabpanel-block_325dca28a75104eb3feb0149a7bd8025-2\" aria-labelledby=\"tab-block_325dca28a75104eb3feb0149a7bd8025-2\" hidden=\"\" class=\"tab_panel\">\n            Otorgar becas a estudiantes de floricultura y horticultura es una funci\u00f3n principal de AFE. \u00a1Entendemos la carga financiera que enfrentan los estudiantes y estamos haciendo nuestra parte para ayudar! Las solicitudes para nuestras m\u00e1s de 30 becas vencen el 1 de mayo de cada a\u00f1o. \n\n            <div class=\"link\">\n              <a href=\"https:\/\/endowment.org\/es\/students-young-professionals\/becas\/\" class=\"btn\" >Ver becas<\/a>            <\/div>\n          <\/div>\n                  <div tabindex=\"0\" role=\"tabpanel\" id=\"tabpanel-block_325dca28a75104eb3feb0149a7bd8025-3\" aria-labelledby=\"tab-block_325dca28a75104eb3feb0149a7bd8025-3\" hidden=\"\" class=\"tab_panel\">\n            AFE cree firmemente en la financiaci\u00f3n de programas educativos para promover y fortalecer la industria de la floricultura. La mayor\u00eda de los programas financiados tienen un gran alcance y se centran en atraer a los j\u00f3venes a la industria o son iniciativas educativas para identificar y resolver las necesidades y\/o desaf\u00edos de la industria. \r\n\n\n            <div class=\"link\">\n              <a href=\"https:\/\/endowment.org\/es\/apply-for-funding\/subvenciones\/\" class=\"btn\" >Ver Subvenciones<\/a>            <\/div>\n          <\/div>\n              <\/div>\n    <\/div>\n  <\/div>\n<\/div>","protected":false},"excerpt":{"rendered":"<p>AFE hosts regular webinars for our&nbsp;Young Professionals Council (YPC), which are open to the public. Established in 2015, the YPC offers leadership and networking opportunities for young industry professionals while getting involved in volunteer opportunities within the floral\/horticultural industries. New in 2026! Young Professionals Council (YPC) Professional Development &amp; Leadership Webinar Series With the generous [&hellip;]<\/p>\n","protected":false},"author":1,"featured_media":0,"parent":0,"menu_order":0,"comment_status":"closed","ping_status":"closed","template":"","meta":{"_acf_changed":false,"footnotes":""},"class_list":["post-5554","page","type-page","status-publish","hentry"],"acf":[],"yoast_head":"<!-- This site is optimized with the Yoast SEO plugin v28.4 - https:\/\/yoast.com\/product\/yoast-seo-wordpress\/ -->\n<title>Young Professionals Council Webinars - American Floral Endowment<\/title>\n<meta name=\"robots\" content=\"index, follow, max-snippet:-1, max-image-preview:large, max-video-preview:-1\" \/>\n<link rel=\"canonical\" href=\"https:\/\/endowment.org\/es\/seminarios-web-del-consejo-de-jovenes-profesionales\/\" \/>\n<meta property=\"og:locale\" content=\"es_ES\" \/>\n<meta property=\"og:type\" content=\"article\" \/>\n<meta property=\"og:title\" content=\"Young Professionals Council Webinars - American Floral Endowment\" \/>\n<meta property=\"og:description\" content=\"AFE hosts regular webinars for our&nbsp;Young Professionals Council (YPC), which are open to the public. Established in 2015, the YPC offers leadership and networking opportunities for young industry professionals while getting involved in volunteer opportunities within the floral\/horticultural industries. New in 2026! Young Professionals Council (YPC) Professional Development &amp; Leadership Webinar Series With the generous [&hellip;]\" \/>\n<meta property=\"og:url\" content=\"https:\/\/endowment.org\/es\/seminarios-web-del-consejo-de-jovenes-profesionales\/\" \/>\n<meta property=\"og:site_name\" content=\"American Floral Endowment\" \/>\n<meta property=\"article:modified_time\" content=\"2026-03-19T16:36:32+00:00\" \/>\n<meta property=\"og:image\" content=\"https:\/\/endowment.org\/wp-content\/uploads\/2024\/03\/image.png\" \/>\n\t<meta property=\"og:image:width\" content=\"300\" \/>\n\t<meta property=\"og:image:height\" content=\"300\" \/>\n\t<meta property=\"og:image:type\" content=\"image\/png\" \/>\n<meta name=\"twitter:card\" content=\"summary_large_image\" \/>\n<meta name=\"twitter:label1\" content=\"Est. reading time\" \/>\n\t<meta name=\"twitter:data1\" content=\"1 minute\" \/>\n<script type=\"application\/ld+json\" class=\"yoast-schema-graph\">{\"@context\":\"https:\\\/\\\/schema.org\",\"@graph\":[{\"@type\":\"WebPage\",\"@id\":\"https:\\\/\\\/endowment.org\\\/young-professionals-council-webinars\\\/\",\"url\":\"https:\\\/\\\/endowment.org\\\/young-professionals-council-webinars\\\/\",\"name\":\"Young Professionals Council Webinars - American Floral Endowment\",\"isPartOf\":{\"@id\":\"https:\\\/\\\/endowment.org\\\/#website\"},\"primaryImageOfPage\":{\"@id\":\"https:\\\/\\\/endowment.org\\\/young-professionals-council-webinars\\\/#primaryimage\"},\"image\":{\"@id\":\"https:\\\/\\\/endowment.org\\\/young-professionals-council-webinars\\\/#primaryimage\"},\"thumbnailUrl\":\"https:\\\/\\\/endowment.org\\\/wp-content\\\/uploads\\\/2024\\\/03\\\/image.png\",\"datePublished\":\"2024-01-05T16:45:05+00:00\",\"dateModified\":\"2026-03-19T16:36:32+00:00\",\"breadcrumb\":{\"@id\":\"https:\\\/\\\/endowment.org\\\/young-professionals-council-webinars\\\/#breadcrumb\"},\"inLanguage\":\"es-ES\",\"potentialAction\":[{\"@type\":\"ReadAction\",\"target\":[\"https:\\\/\\\/endowment.org\\\/young-professionals-council-webinars\\\/\"]}]},{\"@type\":\"ImageObject\",\"inLanguage\":\"es-ES\",\"@id\":\"https:\\\/\\\/endowment.org\\\/young-professionals-council-webinars\\\/#primaryimage\",\"url\":\"https:\\\/\\\/endowment.org\\\/wp-content\\\/uploads\\\/2024\\\/03\\\/image.png\",\"contentUrl\":\"https:\\\/\\\/endowment.org\\\/wp-content\\\/uploads\\\/2024\\\/03\\\/image.png\"},{\"@type\":\"BreadcrumbList\",\"@id\":\"https:\\\/\\\/endowment.org\\\/young-professionals-council-webinars\\\/#breadcrumb\",\"itemListElement\":[{\"@type\":\"ListItem\",\"position\":1,\"name\":\"Home\",\"item\":\"https:\\\/\\\/endowment.org\\\/\"},{\"@type\":\"ListItem\",\"position\":2,\"name\":\"Young Professionals Council Webinars\"}]},{\"@type\":\"WebSite\",\"@id\":\"https:\\\/\\\/endowment.org\\\/#website\",\"url\":\"https:\\\/\\\/endowment.org\\\/\",\"name\":\"American Floral Endowment\",\"description\":\"Funding the Future of Floriculture\",\"potentialAction\":[{\"@type\":\"SearchAction\",\"target\":{\"@type\":\"EntryPoint\",\"urlTemplate\":\"https:\\\/\\\/endowment.org\\\/?s={search_term_string}\"},\"query-input\":{\"@type\":\"PropertyValueSpecification\",\"valueRequired\":true,\"valueName\":\"search_term_string\"}}],\"inLanguage\":\"es-ES\"}]}<\/script>\n<!-- \/ Yoast SEO plugin. -->","yoast_head_json":{"title":"Seminarios web del Consejo de J\u00f3venes Profesionales - American Floral Endowment","robots":{"index":"index","follow":"follow","max-snippet":"max-snippet:-1","max-image-preview":"max-image-preview:large","max-video-preview":"max-video-preview:-1"},"canonical":"https:\/\/endowment.org\/es\/seminarios-web-del-consejo-de-jovenes-profesionales\/","og_locale":"es_ES","og_type":"article","og_title":"Young Professionals Council Webinars - American Floral Endowment","og_description":"AFE hosts regular webinars for our&nbsp;Young Professionals Council (YPC), which are open to the public. Established in 2015, the YPC offers leadership and networking opportunities for young industry professionals while getting involved in volunteer opportunities within the floral\/horticultural industries. New in 2026! Young Professionals Council (YPC) Professional Development &amp; Leadership Webinar Series With the generous [&hellip;]","og_url":"https:\/\/endowment.org\/es\/seminarios-web-del-consejo-de-jovenes-profesionales\/","og_site_name":"American Floral Endowment","article_modified_time":"2026-03-19T16:36:32+00:00","og_image":[{"width":300,"height":300,"url":"https:\/\/endowment.org\/wp-content\/uploads\/2024\/03\/image.png","type":"image\/png"}],"twitter_card":"summary_large_image","twitter_misc":{"Est. reading time":"1 minute"},"schema":{"@context":"https:\/\/schema.org","@graph":[{"@type":"WebPage","@id":"https:\/\/endowment.org\/young-professionals-council-webinars\/","url":"https:\/\/endowment.org\/young-professionals-council-webinars\/","name":"Seminarios web del Consejo de J\u00f3venes Profesionales - American Floral Endowment","isPartOf":{"@id":"https:\/\/endowment.org\/#website"},"primaryImageOfPage":{"@id":"https:\/\/endowment.org\/young-professionals-council-webinars\/#primaryimage"},"image":{"@id":"https:\/\/endowment.org\/young-professionals-council-webinars\/#primaryimage"},"thumbnailUrl":"https:\/\/endowment.org\/wp-content\/uploads\/2024\/03\/image.png","datePublished":"2024-01-05T16:45:05+00:00","dateModified":"2026-03-19T16:36:32+00:00","breadcrumb":{"@id":"https:\/\/endowment.org\/young-professionals-council-webinars\/#breadcrumb"},"inLanguage":"es-ES","potentialAction":[{"@type":"ReadAction","target":["https:\/\/endowment.org\/young-professionals-council-webinars\/"]}]},{"@type":"ImageObject","inLanguage":"es-ES","@id":"https:\/\/endowment.org\/young-professionals-council-webinars\/#primaryimage","url":"https:\/\/endowment.org\/wp-content\/uploads\/2024\/03\/image.png","contentUrl":"https:\/\/endowment.org\/wp-content\/uploads\/2024\/03\/image.png"},{"@type":"BreadcrumbList","@id":"https:\/\/endowment.org\/young-professionals-council-webinars\/#breadcrumb","itemListElement":[{"@type":"ListItem","position":1,"name":"Home","item":"https:\/\/endowment.org\/"},{"@type":"ListItem","position":2,"name":"Young Professionals Council Webinars"}]},{"@type":"WebSite","@id":"https:\/\/endowment.org\/#website","url":"https:\/\/endowment.org\/","name":"Fundaci\u00f3n Floral Americana","description":"Financiaci\u00f3n del futuro de la floricultura","potentialAction":[{"@type":"SearchAction","target":{"@type":"EntryPoint","urlTemplate":"https:\/\/endowment.org\/?s={search_term_string}"},"query-input":{"@type":"PropertyValueSpecification","valueRequired":true,"valueName":"search_term_string"}}],"inLanguage":"es-ES"}]}},"_links":{"self":[{"href":"https:\/\/endowment.org\/es\/wp-json\/wp\/v2\/pages\/5554","targetHints":{"allow":["GET"]}}],"collection":[{"href":"https:\/\/endowment.org\/es\/wp-json\/wp\/v2\/pages"}],"about":[{"href":"https:\/\/endowment.org\/es\/wp-json\/wp\/v2\/types\/page"}],"author":[{"embeddable":true,"href":"https:\/\/endowment.org\/es\/wp-json\/wp\/v2\/users\/1"}],"replies":[{"embeddable":true,"href":"https:\/\/endowment.org\/es\/wp-json\/wp\/v2\/comments?post=5554"}],"version-history":[{"count":25,"href":"https:\/\/endowment.org\/es\/wp-json\/wp\/v2\/pages\/5554\/revisions"}],"predecessor-version":[{"id":24418,"href":"https:\/\/endowment.org\/es\/wp-json\/wp\/v2\/pages\/5554\/revisions\/24418"}],"wp:attachment":[{"href":"https:\/\/endowment.org\/es\/wp-json\/wp\/v2\/media?parent=5554"}],"curies":[{"name":"bien jugado","href":"https:\/\/api.w.org\/{rel}","templated":true}]}}