{"id":10866,"date":"2024-03-18T15:40:17","date_gmt":"2024-03-18T15:40:17","guid":{"rendered":"https:\/\/afe.epicenter1.com\/?page_id=10866"},"modified":"2025-12-08T15:07:06","modified_gmt":"2025-12-08T15:07:06","slug":"nff","status":"publish","type":"page","link":"https:\/\/endowment.org\/es\/nff","title":{"rendered":"Foro Nacional de Floricultura"},"content":{"rendered":"<div\n\tid=\"block_7c4e80cc62126a06bcb99b94877866d4\"\n\tclass=\"nmc-block nmc-block--masthead alignfull  -no-image\">\n\t  \t\t\t<div class=\"masthead_content\">\n\t<div class=\"bound boundwide\">\n\t\t<h1 class=\"masthead_title\">Foro Nacional de Floricultura<\/h1>\n\t<\/div>\n<\/div>\t<\/div>\n\n<div\n\tid=\"block_b4a896fab21141fece9e43c769b5f8aa\"\n\tclass=\"nmc-block nmc-block--jump-nav aligntrue  jump-nav   aligntrue\">\n\t\t<div class=\"nmc-block_header\">\n\t\t<h2 class=\"nmc-block_title\">\n\t\tExplorar\n\t<\/h2>\n\t\t<\/div>\t<ul class=\"jump\">\n\t\t\t\t\t<li class=\"jump_li\">\n\t\t\t\t<a href=\"#pastevents\" class=\"jump_a\" >Eventos anteriores de la NFF<\/a>\t\t\t<\/li>\n\t\t\t\t\t<li class=\"jump_li\">\n\t\t\t\t<a href=\"#news\" class=\"jump_a\" >\u00daltimas noticias<\/a>\t\t\t<\/li>\n\t\t\t<\/ul>\n<\/div>\n\n\n<p class=\"wp-block-paragraph\"><\/p>\n\n\n\n<p class=\"has-vivid-red-color has-text-color has-link-color wp-elements-727e2d8c0491f8f7426685f8a9292ed1 wp-block-paragraph\"><strong>NOTA: El Foro Nacional de Floricultura de 2026 ha sido cancelado. Se publicar\u00e1 informaci\u00f3n adicional sobre el Foro Nacional de Floricultura de 2027 una vez que est\u00e9 disponible. <\/strong><\/p>\n\n\n\n<h3 class=\"wp-block-heading\"><strong>Foro Nacional de Floricultura 2026<\/strong> | <strong>25 al 30 de enero de 2026<\/strong><\/h3>\n\n\n\n<h5 class=\"wp-block-heading\">Pa\u00edses Bajos e IPM Essen en Alemania<\/h5>\n\n\n\n<p class=\"has-black-color has-text-color has-link-color wp-elements-8a184d9c1bbe01d3318bc14c04b3c44a wp-block-paragraph\">El Foro Nacional de Floricultura de 2026 estaba programado para llevarse a cabo del 25 al 30 de enero de 2026. El programa de este a\u00f1o re\u00fane oportunidades excepcionales para el aprendizaje profesional, el establecimiento de contactos y una perspectiva global a trav\u00e9s de recorridos por la industria en los Pa\u00edses Bajos y tiempo dedicado en IPM Essen, una de las ferias comerciales de horticultura m\u00e1s influyentes del mundo. Gracias a una generosa subvenci\u00f3n de la AFE, una parte del autob\u00fas est\u00e1 cubierta.\u00a0 <\/p>\n\n\n\n<h5 class=\"wp-block-heading\">Lo m\u00e1s destacado del programa<\/h5>\n\n\n\n<ul class=\"wp-block-list\">\n<li>25-30 de enero: Llegada y salida de \u00c1msterdam<\/li>\n\n\n\n<li>Domingo, 25 de enero: Por tu cuenta en \u00c1msterdam<\/li>\n\n\n\n<li>Dos d\u00edas de visitas industriales por los Pa\u00edses Bajos, que incluyen visitas a explotaciones de invernadero, obtentores de plantas y la subasta de flores.<\/li>\n\n\n\n<li>Dos d\u00edas completos en IPM Essen (Alemania), con entradas incluidas.<\/li>\n\n\n\n<li>El desayuno diario est\u00e1 incluido durante la estancia en el hotel.<\/li>\n\n\n\n<li>Todos los traslados grupales y el transporte durante todo el programa.<\/li>\n\n\n\n<li>Acceso guiado a la subasta y otras instalaciones profesionales.<\/li>\n<\/ul>\n\n\n\n<p class=\"wp-block-paragraph\">Los participantes tambi\u00e9n tendr\u00e1n la oportunidad de apuntarse a una posible excursi\u00f3n adicional a Dinamarca inmediatamente despu\u00e9s del programa. Se facilitar\u00e1n los detalles sobre esta extensi\u00f3n opcional si hay suficiente inter\u00e9s. <\/p>\n\n\n\n<h5 class=\"wp-block-heading\"><strong>Viajes y Alojamiento<\/strong><\/h5>\n\n\n\n<p class=\"wp-block-paragraph\">El socio de viajes de la FNF, Concept Travel, organizar\u00e1 los bloques de habitaciones de hotel y gestionar\u00e1 la coordinaci\u00f3n log\u00edstica. Los participantes ser\u00e1n responsables de pagar sus propias habitaciones de hotel directamente, utilizando su tarjeta de cr\u00e9dito personal en el momento de la reserva.&nbsp;<\/p>\n\n\n\n<p class=\"wp-block-paragraph\"><strong>Incluido en el registro:<\/strong><\/p>\n\n\n\n<ul class=\"wp-block-list\">\n<li>Desayuno todos los d\u00edas<\/li>\n\n\n\n<li>Transporte en autob\u00fas y traslados&nbsp;<\/li>\n\n\n\n<li>Entradas para la feria IPM de Essen<\/li>\n\n\n\n<li>Acceso a la subasta de flores<\/li>\n<\/ul>\n\n\n\n<p class=\"wp-block-paragraph\"><strong>Lo que cubres personalmente:<\/strong><\/p>\n\n\n\n<ul class=\"wp-block-list\">\n<li>La mayor\u00eda de las comidas despu\u00e9s del desayuno<\/li>\n\n\n\n<li>Pasaje de avi\u00f3n de ida y vuelta a AMS&nbsp;<\/li>\n\n\n\n<li>Alojamiento en hotel&nbsp;<\/li>\n<\/ul>\n\n\n\n<p class=\"has-text-align-center has-vivid-red-color has-text-color has-link-color wp-elements-51321379aed42f8318c3b21b57744cce wp-block-paragraph\"><strong>NOTA: El Foro Nacional de Floricultura de 2026 ha sido cancelado.<\/strong><\/p>\n\n\n<div\n\tid=\"block_24ad126f0fd0098c9424fe726b6115dd\"\n\tclass=\"nmc-block nmc-block--divider alignfull  divider   alignfull\">\n\t  <div class=\"bound boundcontent\">\n    <div class=\"divider\"><\/div>\n  <\/div>\n<\/div>\n\n\n<h2 class=\"wp-block-heading\"><strong>Acerca de NFF<\/strong><\/h2>\n\n\n\n<figure class=\"wp-block-image alignright size-full is-resized\"><img loading=\"lazy\" decoding=\"async\" width=\"300\" height=\"152\" src=\"https:\/\/endowment.org\/wp-content\/uploads\/2024\/03\/image-1.png\" alt=\"\" class=\"wp-image-10868\" style=\"width:297px;height:auto\"\/><\/figure>\n\n\n\n<p class=\"wp-block-paragraph\" id=\"about\">La NFF contin\u00faa una tradici\u00f3n anual que se remonta a principios de la d\u00e9cada de 1990. Es una reuni\u00f3n educativa para l\u00edderes de la industria, profesores universitarios, estudiantes de posgrado y cient\u00edficos gubernamentales procedentes de instituciones acad\u00e9micas, agencias gubernamentales y la industria de invernaderos.<\/p>\n\n\n\n<p class=\"wp-block-paragraph\"><em><strong>La reuni\u00f3n re\u00fane a diversas comunidades flor\u00edcolas con los objetivos de:<\/strong><\/em><\/p>\n\n\n\n<ul class=\"wp-block-list\">\n<li>Abordar los temas de importancia para la industria floricultora<\/li>\n\n\n\n<li>Formar relaciones de colaboraci\u00f3n,<\/li>\n\n\n\n<li>Mejorar la comunicaci\u00f3n dentro de la industria de la floricultura estadounidense para compartir y difundir informaci\u00f3n<\/li>\n<\/ul>\n\n\n\n\n<div class=\"nmc-buttons aligntrue  buttons   aligntrue\" id=\"block_396675bee6052638ce7f5b9b99e5c8db\">\n\t\t\t<a href=\"https:\/\/endowment.org\/es\/historia-del-foro-nacional-de-floricultura\/\" class=\"btn\" target=\"_blank\">Obtenga m\u00e1s informaci\u00f3n sobre la historia de NFF<\/a>\t\t\t<a href=\"https:\/\/www.facebook.com\/NationalFloricultureForum\/\" class=\"btn\" target=\"_blank\">Visita el Facebook de la NFF<\/a>\t<\/div>\n\n\n<h2 class=\"wp-block-heading has-text-align-center\" id=\"pastevents\">Anteriormente Foros Nacionales de Floricultura<\/h2>\n\n\n\n<figure id=\"past\" class=\"wp-block-table medium-text\"><table><thead><tr><th>Fecha<\/th><th>Ubicaci\u00f3n<\/th><th>Tema\/Materiales<\/th><th>Coordinador<\/th><\/tr><\/thead><tbody><tr><td>21 y 22 de febrero de 2025<\/td><td>Quincy, FL<\/td><td>Investigaci\u00f3n, docencia y extensi\u00f3n impulsadas por los participantes, con un enfoque en facilitar las presentaciones de los asistentes.<\/td><td>Dr. Leynar Leyton, Dr. Mark Bridgen<\/td><\/tr><tr><td>Del 22 al 24 de febrero de 2024<\/td><td>Biloxi, MS<\/td><td>Investigaci\u00f3n, docencia y extensi\u00f3n impulsadas por los participantes<br><br>\u2013 <a href=\"https:\/\/endowment.org\/wp-content\/uploads\/2024\/06\/2024-NFF-Proceedings-Updated.pdf\" target=\"_blank\" rel=\"noreferrer noopener\"><strong>Ver las actas de la conferencia de 2024<\/strong><\/a><a href=\"https:\/\/endowment.org\/wp-content\/uploads\/2024\/05\/2024-NFF-Proceedings-Edited.pdf\" target=\"_blank\" rel=\"noreferrer noopener\"><strong>s<\/strong><\/a><br>\u2013 <strong><a href=\"https:\/\/endowment.org\/es\/noticias\/evento-nff-2024\/\">Consulta el art\u00edculo con el resumen de la NFF 2024<\/a><\/strong> <br>\u2013 <strong><a href=\"https:\/\/endowment.org\/wp-content\/uploads\/2024\/05\/2024NFFPacket.pdf\" target=\"_blank\" rel=\"noreferrer noopener\">Ver el programa de eventos<\/a><\/strong><\/td><td>Dr. Jim DelPrince, Dra. Christine Coker<\/td><\/tr><tr><td>2 al 4 de junio de 2023<\/td><td>Fort Collins, CO (Cancelado)<\/td><td>N\/A<\/td><td>Dr. Chad Miller, Dr. Josh Craver<\/td><\/tr><tr><td>2022<\/td><td>No se celebr\u00f3 ning\u00fan evento debido al Covid-19<\/td><td>N\/A<\/td><td>N\/A<\/td><\/tr><tr><td>2021<\/td><td>No se celebr\u00f3 ning\u00fan evento debido al Covid-19<\/td><td>N\/A<\/td><td>N\/A<\/td><\/tr><tr><td>28 de febrero - 1 de marzo de 2020<\/td><td>Charlotte, NC<\/td><td>\u00bfC\u00f3mo podemos asegurar que nuestra ense\u00f1anza, investigaci\u00f3n y extensi\u00f3n satisfagan las necesidades de nuestra clientela?<\/td><td>Dr. Marc van Iersel<\/td><\/tr><tr><td>16 y 17 de feb. de 2019<\/td><td>Chicago, IL<\/td><td>Aportar valor: de vuelta a nuestras ra\u00edces<\/td><td>Dr. Marvin Miller<\/td><\/tr><tr><td>1-4 de marzo de 2018<\/td><td>Florida Central<\/td><td>Concienciaci\u00f3n medioambiental y urbana<br>Horticultura<\/td><td>Dra. Liz Felter<\/td><\/tr><tr><td>17-19 de marzo<\/td><td>Filadelfia, PA<\/td><td>C\u00f3mo conseguir que los j\u00f3venes se incorporen al sector<\/td><td>Krystal Snyder<\/td><\/tr><tr><td>6-7 de marzo de 2015<\/td><td>Minneapolis, Minnesota<\/td><td>Comercializaci\u00f3n de plantas en el sector de la floricultura<\/td><td>Terry Ferriss<\/td><\/tr><tr><td>14-15 de mayo de 2014<\/td><td>Winnipeg, Canad\u00e1<\/td><td>La industria de la turba de esfagno en acci\u00f3n<\/td><td>El Dr. Chris Currey, Brian Krug y Mike Evans<\/td><\/tr><tr><td>Del 22 al 24 de marzo de 2013<\/td><td>Portsmouth, Nuevo Hampshire<\/td><td>Pensamiento creativo, financiaci\u00f3n creativa: programas y consorcios de investigaci\u00f3n, divulgaci\u00f3n y docencia<\/td><td>Stephanie Burnett, Brian Krug, Roberto Lopez, Neil Mattson<\/td><\/tr><tr><td>2012<\/td><td>No se ha celebrado ning\u00fan evento<\/td><td>N\/A<\/td><td>N\/A<\/td><\/tr><tr><td>10-11 de marzo de 2011<\/td><td>Dallas, TX<\/td><td>Asociaciones, alianzas, marcas e iniciativas<\/td><td>Charles Hall<\/td><\/tr><tr><td>2010<\/td><td>No se ha celebrado ning\u00fan evento<\/td><td>N\/A<\/td><td>N\/A<\/td><\/tr><tr><td>6-7 de marzo de 2009<\/td><td>Miami\/Apopka, FL<\/td><td>La sostenibilidad en el mundo real<\/td><td>Paul Fisher<\/td><\/tr><tr><td>Del 22 al 24 de febrero de 2009<\/td><td>Raleigh, Carolina del Norte<\/td><td>Establecer contacto<\/td><td>Brian Whipker<\/td><\/tr><tr><td>21-27 de enero de 2007<\/td><td>Pa\u00edses Bajos y Alemania<\/td><td>Floricultura internacional<\/td><td>Mark Bridgen<\/td><\/tr><tr><td>23-26 de febrero de 2006<\/td><td>Grand Rapids, MI<\/td><td>Estrategias de supervivencia para programas de floricultura<\/td><td>Erik Runkle<\/td><\/tr><tr><td>25-27 de feb. de 2005<\/td><td>Chicago, IL<\/td><td>Una vuelta a las cuestiones clave a las que se enfrentan los profesionales de la floricultura<\/td><td>Paul Thomas<\/td><\/tr><tr><td>20-22 de feb. de 2004<\/td><td>Miami, FL (Jard\u00edn Bot\u00e1nico Tropical Fairchild)<\/td><td>Estableciendo la conexi\u00f3n entre la industria y el p\u00fablico: \u00bfCu\u00e1l es el mensaje que estamos enviando?<\/td><td>Rick Schoellhorn<\/td><\/tr><tr><td>Del 21 al 23 de febrero de 2003<\/td><td>Columbus, Ohio (Centro de Germoplasma de Plantas Ornamentales)<\/td><td>Colaboraciones en el sector de la floricultura: el Departamento de Agricultura de EE. UU. (USDA), la industria, la universidad y el jard\u00edn bot\u00e1nico<\/td><td>David Tay<\/td><\/tr><tr><td>10 al 13 de abril de 2002<\/td><td>California (San Diego\/San Francisco)<\/td><td>Pruebas de manada en California<\/td><td>Heiner Lieth<\/td><\/tr><tr><td>24 y 25 de febrero de 2001<\/td><td>College Park, Maryland<\/td><td>Premio \u00abHorticulture Landmark\u00bb otorgado al servicio de investigaci\u00f3n agr\u00edcola<\/td><td>Terry Ferriss<\/td><\/tr><tr><td>26-27 de febrero de 2000<\/td><td>Chicago, IL (Jard\u00edn Bot\u00e1nico de Chicago)<\/td><td>El futuro de la floricultura en EE. UU.<\/td><td>Mark Bridgen<\/td><\/tr><tr><td>27 y 28 de febrero de 1999<\/td><td>Chicago, IL<\/td><td>Mejorar la comunicaci\u00f3n y la cooperaci\u00f3n en el sector de la floricultura<\/td><td>Mark Bridgen<\/td><\/tr><\/tbody><\/table><\/figure>\n\n\n\n<p class=\"wp-block-paragraph\"><strong><em>AFE se complace en albergar la informaci\u00f3n hist\u00f3rica y de reuniones del Foro Nacional de Floricultura en su sitio web y es un orgulloso patrocinador del NFF.<\/em><\/strong><\/p>\n\n\n<div\n\tid=\"news\"\n\tclass=\"nmc-block nmc-block--news alignfull  news   alignfull\">\n\t  <div class=\"bound boundwide\">\n    <div class=\"block-intro\">\n      \t<h2 class=\"nmc-block_title\">\n\t\tNoticias relacionadas\n\t<\/h2>\n      <a href=\"\/es\/noticias\/\">Ver todas las noticias <svg xmlns=\"http:\/\/www.w3.org\/2000\/svg\" width=\"19\" height=\"15\" viewbox=\"0 0 19 15\" fill=\"none\" role=\"img\" aria-hidden=\"true\" focusable=\"false\">\n\t<title>flecha<\/title>\n    <path fill-rule=\"evenodd\" clip-rule=\"evenodd\" d=\"M10.2719 13.0367L11.7271 14.5L18.6874 7.50003L11.7271 0.5L10.2719 1.96327L14.7395 6.45489H0.3125V8.54402H14.7406L10.2719 13.0367Z\" fill=\"#ECF5E8\"\/>\n<\/svg><\/a>\n    <\/div>\n\n    <div class=\"news-grid -columns\">\n                      <div class=\"partial -card -news\">\n    <div class=\"text\">\n        <h2 class=\"heading\">\n\t\t\t\t\t\t\t<a class=\"link\" href=\"https:\/\/endowment.org\/es\/news\/registration-now-open-for-2025-national-floriculture-forum\">\n\t\t\t\t\t\t\tInscripciones abiertas para el Foro Nacional de Floricultura de 2025\n\t\t\t<\/a>        <\/h2>\n            <\/div>\n            <div class=\"image\">\n            \n<div class=\"image-auto\" style=\"aspect-ratio: 715 \/ 715;\">\n\t<picture>\n\t\t<source \n\t\t\tmedia=\"(max-width: 600px)\"\n\t\t\tsrcset=\"https:\/\/e1.nmcdn.io\/afe\/wp-content\/uploads\/2025\/01\/Copy-of-January-Social-Calendar-3.png\/v:1-dynamic:1-aspect:1-fit:cover\/Copy-of-January-Social-Calendar-3--480.webp\"\n\t\t\ttype=\"image\/webp\">\n\t\t<source\n\t\t\tsrcset=\"https:\/\/e1.nmcdn.io\/afe\/wp-content\/uploads\/2025\/01\/Copy-of-January-Social-Calendar-3.png\/v:1-dynamic:1-aspect:1-fit:cover\/Copy-of-January-Social-Calendar-3--600.webp\"\n\t\t\ttype=\"image\/webp\">\n\t\t<img  loading=\"lazy\"src=\"https:\/\/e1.nmcdn.io\/afe\/wp-content\/uploads\/2025\/01\/Copy-of-January-Social-Calendar-3.png\/v:1-dynamic:1-aspect:1-fit:cover\/Copy-of-January-Social-Calendar-3--600.webp\" alt=\"\">\n\t<\/picture>\n<\/div>\n            <div class=\"type\">Noticias<\/div>\n        <\/div>\n    <\/div>                      <div class=\"partial -card -news\">\n    <div class=\"text\">\n        <h2 class=\"heading\">\n\t\t\t\t\t\t\t<a class=\"link\" href=\"https:\/\/endowment.org\/es\/news\/2024-nff-event\">\n\t\t\t\t\t\t\tForo Nacional de Floricultura 2024\n\t\t\t<\/a>        <\/h2>\n            <\/div>\n            <div class=\"image\">\n            \n<div class=\"image-auto\" style=\"aspect-ratio: 715 \/ 715;\">\n\t<picture>\n\t\t<source \n\t\t\tmedia=\"(max-width: 600px)\"\n\t\t\tsrcset=\"https:\/\/e1.nmcdn.io\/afe\/wp-content\/uploads\/2023\/11\/NFF-Logo-on-background.png\/v:1-dynamic:1-aspect:1-fit:cover\/NFF-Logo-on-background--480.webp\"\n\t\t\ttype=\"image\/webp\">\n\t\t<source\n\t\t\tsrcset=\"https:\/\/e1.nmcdn.io\/afe\/wp-content\/uploads\/2023\/11\/NFF-Logo-on-background.png\/v:1-dynamic:1-aspect:1-fit:cover\/NFF-Logo-on-background--600.webp\"\n\t\t\ttype=\"image\/webp\">\n\t\t<img  loading=\"lazy\"src=\"https:\/\/e1.nmcdn.io\/afe\/wp-content\/uploads\/2023\/11\/NFF-Logo-on-background.png\/v:1-dynamic:1-aspect:1-fit:cover\/NFF-Logo-on-background--600.webp\" alt=\"\">\n\t<\/picture>\n<\/div>\n            <div class=\"type\">Noticias<\/div>\n        <\/div>\n    <\/div>                      <div class=\"partial -card -news\">\n    <div class=\"text\">\n        <h2 class=\"heading\">\n\t\t\t\t\t\t\t<a class=\"link\" href=\"https:\/\/endowment.org\/es\/news\/2024-national-floriculture-forum-a-gathering-of-floriculture-experts-and-educators\">\n\t\t\t\t\t\t\tForo Nacional de Floricultura 2024: \u00a1Una reuni\u00f3n de expertos y educadores en floricultura!\n\t\t\t<\/a>        <\/h2>\n            <\/div>\n            <div class=\"image\">\n            \n<div class=\"image-auto\" style=\"aspect-ratio: 715 \/ 715;\">\n\t<picture>\n\t\t<source \n\t\t\tmedia=\"(max-width: 600px)\"\n\t\t\tsrcset=\"https:\/\/e1.nmcdn.io\/afe\/wp-content\/uploads\/2023\/11\/NFF-Logo-on-background.png\/v:1-dynamic:1-aspect:1-fit:cover\/NFF-Logo-on-background--480.webp\"\n\t\t\ttype=\"image\/webp\">\n\t\t<source\n\t\t\tsrcset=\"https:\/\/e1.nmcdn.io\/afe\/wp-content\/uploads\/2023\/11\/NFF-Logo-on-background.png\/v:1-dynamic:1-aspect:1-fit:cover\/NFF-Logo-on-background--600.webp\"\n\t\t\ttype=\"image\/webp\">\n\t\t<img  loading=\"lazy\"src=\"https:\/\/e1.nmcdn.io\/afe\/wp-content\/uploads\/2023\/11\/NFF-Logo-on-background.png\/v:1-dynamic:1-aspect:1-fit:cover\/NFF-Logo-on-background--600.webp\" alt=\"\">\n\t<\/picture>\n<\/div>\n            <div class=\"type\">Noticias<\/div>\n        <\/div>\n    <\/div>      \n    <\/div>\n\n      <\/div>\n<\/div>\n\n<div\n\tid=\"career\"\n\tclass=\"nmc-block nmc-block--featured-content alignfull  featured-content   alignfull\">\n\t  <div class=\"bound boundwiderhang wrap\">\n    <div class=\"content\">\n            \t<h2 class=\"nmc-block_title\">\n\t\tCentro de Carreras AFE\n\t<\/h2>\n      <p><span style=\"font-weight: 400;\"><strong>Conectando la industria, el talento y la oportunidad.<\/strong> <\/span><\/p>\n<p><span style=\"font-weight: 400;\">Consulta las \u00faltimas ofertas de empleo disponibles, con\u00e9ctate con personas que buscan trabajo y consulta recursos profesionales, incluyendo consejos de desarrollo profesional, una base de datos de curr\u00edculums y recursos de contrataci\u00f3n. <\/span><\/p>\n\n              <div class=\"button\">\n          <a href=\"https:\/\/afecareercenter.com\/\" target=\"_blank\" class=\"btn\">Buscar carreras <\/a>\n        <\/div>\n          <\/div>\n    <div class=\"image\">\n      <div class=\"image-wrap\">\n        <div class=\"large-leaf-circle\">\n          <img decoding=\"async\" src=\"https:\/\/endowment.org\/wp-content\/themes\/nmc_afe\/assets\/large-leaf-circle-purple.png\" width=\"657\" height=\"657\" alt=\"c\u00edrculo de hojas\" loading=\"lazy\">\n        <\/div>\n        \n<div class=\"image-auto\" style=\"aspect-ratio: 1400 \/ 1400;\">\n\t<picture>\n\t\t<source \n\t\t\tmedia=\"(max-width: 600px)\"\n\t\t\tsrcset=\"https:\/\/e1.nmcdn.io\/afe\/wp-content\/uploads\/2024\/02\/pelargoniums-for-europe-aHFlP2qKrxc-unsplash-scaled.jpg\/v:1-dynamic:1-aspect:1-fit:cover\/pelargoniums-for-europe-aHFlP2qKrxc-unsplash-scaled--480.webp\"\n\t\t\ttype=\"image\/webp\">\n\t\t<source\n\t\t\tsrcset=\"https:\/\/e1.nmcdn.io\/afe\/wp-content\/uploads\/2024\/02\/pelargoniums-for-europe-aHFlP2qKrxc-unsplash-scaled.jpg\/v:1-dynamic:1-aspect:1-fit:cover\/pelargoniums-for-europe-aHFlP2qKrxc-unsplash-scaled--600.webp\"\n\t\t\ttype=\"image\/webp\">\n\t\t<img  loading=\"lazy\"src=\"https:\/\/e1.nmcdn.io\/afe\/wp-content\/uploads\/2024\/02\/pelargoniums-for-europe-aHFlP2qKrxc-unsplash-scaled.jpg\/v:1-dynamic:1-aspect:1-fit:cover\/pelargoniums-for-europe-aHFlP2qKrxc-unsplash-scaled--600.webp\" alt=\"\">\n\t<\/picture>\n<\/div>\n      <\/div>\n    <\/div>\n  <\/div>\n<\/div>\n\n<div\n\tid=\"block_09e1a1b2c49e68dda825c19eb3a85731\"\n\tclass=\"nmc-block nmc-block--image-links alignfull  image-links   alignfull\">\n\t  <div class=\"bound boundwide\">\n    \t<h2 class=\"nmc-block_title\">\n\t\tNuestras principales \u00e1reas de inter\u00e9s\n\t<\/h2>\n        <div class=\"wrap nmc-slider\" id=\"slider-block_09e1a1b2c49e68dda825c19eb3a85731\" data-nmc-slider role=\"region\" aria-label=\"Carrusel de redes sociales\" tabindex=\"0\">\n              <div id=\"slider-block_09e1a1b2c49e68dda825c19eb3a85731-1\" class=\"nmc-slide\">\n          <div class=\"partial -imageLink -card\">\n              <div class=\"text\">\n                  <h2 class=\"heading\">\n                                          <a class=\"link\" href=\"https:\/\/endowment.org\/es\/investigacion\/investigacion-actual\/\">\n                                          Investigaci\u00f3n y Soluciones Innovadoras\n                    <\/a>                  <\/h2>\n\n                  <span class=\"faux-link\">Solicitar financiaci\u00f3n <svg xmlns=\"http:\/\/www.w3.org\/2000\/svg\" width=\"19\" height=\"15\" viewbox=\"0 0 19 15\" fill=\"none\" role=\"img\" aria-hidden=\"true\" focusable=\"false\">\n\t<title>flecha<\/title>\n    <path fill-rule=\"evenodd\" clip-rule=\"evenodd\" d=\"M10.2719 13.0367L11.7271 14.5L18.6874 7.50003L11.7271 0.5L10.2719 1.96327L14.7395 6.45489H0.3125V8.54402H14.7406L10.2719 13.0367Z\" fill=\"#ECF5E8\"\/>\n<\/svg><\/span>\n              <\/div>\n                                              <div class=\"image\">\n                      \n<div class=\"image-auto\" style=\"aspect-ratio: 255 \/ 398;\">\n\t<picture>\n\t\t<source \n\t\t\tmedia=\"(max-width: 600px)\"\n\t\t\tsrcset=\"https:\/\/e1.nmcdn.io\/afe\/wp-content\/uploads\/2023\/12\/image-16.png\/v:1-dynamic:1-aspect:0.64102564102564-fit:cover\/image-16--480.webp\"\n\t\t\ttype=\"image\/webp\">\n\t\t<source\n\t\t\tsrcset=\"https:\/\/e1.nmcdn.io\/afe\/wp-content\/uploads\/2023\/12\/image-16.png\/v:1-dynamic:1-aspect:0.64102564102564-fit:cover\/image-16--600.webp\"\n\t\t\ttype=\"image\/webp\">\n\t\t<img  loading=\"lazy\"src=\"https:\/\/e1.nmcdn.io\/afe\/wp-content\/uploads\/2023\/12\/image-16.png\/v:1-dynamic:1-aspect:0.64102564102564-fit:cover\/image-16--600.webp\" alt=\"\">\n\t<\/picture>\n<\/div>\n                  <\/div>\n                        <\/div>\n        <\/div>\n              <div id=\"slider-block_09e1a1b2c49e68dda825c19eb3a85731-2\" class=\"nmc-slide\">\n          <div class=\"partial -imageLink -card\">\n              <div class=\"text\">\n                  <h2 class=\"heading\">\n                                          <a class=\"link\" href=\"https:\/\/endowment.org\/es\/students-young-professionals\/practicas-2\/\">\n                                          Pr\u00e1cticas remuneradas de floricultura\n                    <\/a>                  <\/h2>\n\n                  <span class=\"faux-link\">M\u00e1s informaci\u00f3n <svg xmlns=\"http:\/\/www.w3.org\/2000\/svg\" width=\"19\" height=\"15\" viewbox=\"0 0 19 15\" fill=\"none\" role=\"img\" aria-hidden=\"true\" focusable=\"false\">\n\t<title>flecha<\/title>\n    <path fill-rule=\"evenodd\" clip-rule=\"evenodd\" d=\"M10.2719 13.0367L11.7271 14.5L18.6874 7.50003L11.7271 0.5L10.2719 1.96327L14.7395 6.45489H0.3125V8.54402H14.7406L10.2719 13.0367Z\" fill=\"#ECF5E8\"\/>\n<\/svg><\/span>\n              <\/div>\n                                              <div class=\"image\">\n                      \n<div class=\"image-auto\" style=\"aspect-ratio: 255 \/ 398;\">\n\t<picture>\n\t\t<source \n\t\t\tmedia=\"(max-width: 600px)\"\n\t\t\tsrcset=\"https:\/\/e1.nmcdn.io\/afe\/wp-content\/uploads\/2023\/12\/image-11.png\/v:1-dynamic:1-aspect:0.64102564102564-fit:cover\/image-11--480.webp\"\n\t\t\ttype=\"image\/webp\">\n\t\t<source\n\t\t\tsrcset=\"https:\/\/e1.nmcdn.io\/afe\/wp-content\/uploads\/2023\/12\/image-11.png\/v:1-dynamic:1-aspect:0.64102564102564-fit:cover\/image-11--600.webp\"\n\t\t\ttype=\"image\/webp\">\n\t\t<img  loading=\"lazy\"src=\"https:\/\/e1.nmcdn.io\/afe\/wp-content\/uploads\/2023\/12\/image-11.png\/v:1-dynamic:1-aspect:0.64102564102564-fit:cover\/image-11--600.webp\" alt=\"\">\n\t<\/picture>\n<\/div>\n                  <\/div>\n                        <\/div>\n        <\/div>\n              <div id=\"slider-block_09e1a1b2c49e68dda825c19eb3a85731-3\" class=\"nmc-slide\">\n          <div class=\"partial -imageLink -card\">\n              <div class=\"text\">\n                  <h2 class=\"heading\">\n                                          <a class=\"link\" href=\"https:\/\/endowment.org\/es\/students-young-professionals\/becas\/\">\n                                          Becas para la Pr\u00f3xima Generaci\u00f3n\n                    <\/a>                  <\/h2>\n\n                  <span class=\"faux-link\">M\u00e1s informaci\u00f3n <svg xmlns=\"http:\/\/www.w3.org\/2000\/svg\" width=\"19\" height=\"15\" viewbox=\"0 0 19 15\" fill=\"none\" role=\"img\" aria-hidden=\"true\" focusable=\"false\">\n\t<title>flecha<\/title>\n    <path fill-rule=\"evenodd\" clip-rule=\"evenodd\" d=\"M10.2719 13.0367L11.7271 14.5L18.6874 7.50003L11.7271 0.5L10.2719 1.96327L14.7395 6.45489H0.3125V8.54402H14.7406L10.2719 13.0367Z\" fill=\"#ECF5E8\"\/>\n<\/svg><\/span>\n              <\/div>\n                                              <div class=\"image\">\n                      \n<div class=\"image-auto\" style=\"aspect-ratio: 256 \/ 399;\">\n\t<picture>\n\t\t<source \n\t\t\tmedia=\"(max-width: 600px)\"\n\t\t\tsrcset=\"https:\/\/e1.nmcdn.io\/afe\/wp-content\/uploads\/2023\/12\/image-2.png\/v:1-dynamic:1-aspect:0.64102564102564-fit:cover\/image-2--480.webp\"\n\t\t\ttype=\"image\/webp\">\n\t\t<source\n\t\t\tsrcset=\"https:\/\/e1.nmcdn.io\/afe\/wp-content\/uploads\/2023\/12\/image-2.png\/v:1-dynamic:1-aspect:0.64102564102564-fit:cover\/image-2--600.webp\"\n\t\t\ttype=\"image\/webp\">\n\t\t<img  loading=\"lazy\"src=\"https:\/\/e1.nmcdn.io\/afe\/wp-content\/uploads\/2023\/12\/image-2.png\/v:1-dynamic:1-aspect:0.64102564102564-fit:cover\/image-2--600.webp\" alt=\"\">\n\t<\/picture>\n<\/div>\n                  <\/div>\n                        <\/div>\n        <\/div>\n              <div id=\"slider-block_09e1a1b2c49e68dda825c19eb3a85731-4\" class=\"nmc-slide\">\n          <div class=\"partial -imageLink -card\">\n              <div class=\"text\">\n                  <h2 class=\"heading\">\n                                          <a class=\"link\" href=\"https:\/\/endowment.org\/es\/apply-for-funding\/subvenciones\/\">\n                                          Subvenciones educativas disponibles\n                    <\/a>                  <\/h2>\n\n                  <span class=\"faux-link\">Solicitar subvenciones <svg xmlns=\"http:\/\/www.w3.org\/2000\/svg\" width=\"19\" height=\"15\" viewbox=\"0 0 19 15\" fill=\"none\" role=\"img\" aria-hidden=\"true\" focusable=\"false\">\n\t<title>flecha<\/title>\n    <path fill-rule=\"evenodd\" clip-rule=\"evenodd\" d=\"M10.2719 13.0367L11.7271 14.5L18.6874 7.50003L11.7271 0.5L10.2719 1.96327L14.7395 6.45489H0.3125V8.54402H14.7406L10.2719 13.0367Z\" fill=\"#ECF5E8\"\/>\n<\/svg><\/span>\n              <\/div>\n                                              <div class=\"image\">\n                      \n<div class=\"image-auto\" style=\"aspect-ratio: 255 \/ 398;\">\n\t<picture>\n\t\t<source \n\t\t\tmedia=\"(max-width: 600px)\"\n\t\t\tsrcset=\"https:\/\/e1.nmcdn.io\/afe\/wp-content\/uploads\/2023\/12\/image-3.png\/v:1-dynamic:1-aspect:0.64102564102564-fit:cover\/image-3--480.webp\"\n\t\t\ttype=\"image\/webp\">\n\t\t<source\n\t\t\tsrcset=\"https:\/\/e1.nmcdn.io\/afe\/wp-content\/uploads\/2023\/12\/image-3.png\/v:1-dynamic:1-aspect:0.64102564102564-fit:cover\/image-3--600.webp\"\n\t\t\ttype=\"image\/webp\">\n\t\t<img  loading=\"lazy\"src=\"https:\/\/e1.nmcdn.io\/afe\/wp-content\/uploads\/2023\/12\/image-3.png\/v:1-dynamic:1-aspect:0.64102564102564-fit:cover\/image-3--600.webp\" alt=\"\">\n\t<\/picture>\n<\/div>\n                  <\/div>\n                        <\/div>\n        <\/div>\n          <\/div>\n\n    <ul class=\"nmc-dots\">\n                <li class=\"active\">\n              <button id=\"slider-block_09e1a1b2c49e68dda825c19eb3a85731-dot-1\" aria-controls=\"slider-block_09e1a1b2c49e68dda825c19eb3a85731-1\" class=\"jumpbutton active\" data-nmc-slider-target=\"#slider-block_09e1a1b2c49e68dda825c19eb3a85731\" aria-label=\"Ir a la diapositiva 1 de 8\" data-nmc-slider-action=\"slide-1\">1<\/button>\n          <\/li>\n                <li class=\"\">\n              <button id=\"slider-block_09e1a1b2c49e68dda825c19eb3a85731-dot-2\" aria-controls=\"slider-block_09e1a1b2c49e68dda825c19eb3a85731-2\" class=\"jumpbutton\" data-nmc-slider-target=\"#slider-block_09e1a1b2c49e68dda825c19eb3a85731\" aria-label=\"Ir a la diapositiva 2 de 8\" data-nmc-slider-action=\"slide-2\">2<\/button>\n          <\/li>\n                <li class=\"\">\n              <button id=\"slider-block_09e1a1b2c49e68dda825c19eb3a85731-dot-3\" aria-controls=\"slider-block_09e1a1b2c49e68dda825c19eb3a85731-3\" class=\"jumpbutton\" data-nmc-slider-target=\"#slider-block_09e1a1b2c49e68dda825c19eb3a85731\" aria-label=\"Ir a la diapositiva 3 de 8\" data-nmc-slider-action=\"slide-3\">3<\/button>\n          <\/li>\n                <li class=\"\">\n              <button id=\"slider-block_09e1a1b2c49e68dda825c19eb3a85731-dot-4\" aria-controls=\"slider-block_09e1a1b2c49e68dda825c19eb3a85731-4\" class=\"jumpbutton\" data-nmc-slider-target=\"#slider-block_09e1a1b2c49e68dda825c19eb3a85731\" aria-label=\"Ir a la diapositiva 4 de 8\" data-nmc-slider-action=\"slide-4\">4<\/button>\n          <\/li>\n          <\/ul>\n\n    \n  <\/div>\n<\/div>\n\n<div\n\tid=\"block_01d70575bd95763147982764ee3b1384\"\n\tclass=\"nmc-block nmc-block--cta-tabbed alignfull   -filled -reverse last-block\">\n\t\n  <div class=\"image\">\n      \n<div class=\"image-auto\" style=\"aspect-ratio: 1400 \/ 681;\">\n\t<picture>\n\t\t<source \n\t\t\tmedia=\"(max-width: 600px)\"\n\t\t\tsrcset=\"https:\/\/e1.nmcdn.io\/afe\/wp-content\/uploads\/2024\/03\/michael-pfister-mpgJssqvWWM-unsplash-scaled.jpg\/v:1-dynamic:1-aspect:2.0571428571429-fit:cover\/michael-pfister-mpgJssqvWWM-unsplash-scaled--480.webp\"\n\t\t\ttype=\"image\/webp\">\n\t\t<source\n\t\t\tsrcset=\"https:\/\/e1.nmcdn.io\/afe\/wp-content\/uploads\/2024\/03\/michael-pfister-mpgJssqvWWM-unsplash-scaled.jpg\/v:1-dynamic:1-aspect:2.0571428571429-fit:cover\/michael-pfister-mpgJssqvWWM-unsplash-scaled--1400.webp\"\n\t\t\ttype=\"image\/webp\">\n\t\t<img  loading=\"lazy\"src=\"https:\/\/e1.nmcdn.io\/afe\/wp-content\/uploads\/2024\/03\/michael-pfister-mpgJssqvWWM-unsplash-scaled.jpg\/v:1-dynamic:1-aspect:2.0571428571429-fit:cover\/michael-pfister-mpgJssqvWWM-unsplash-scaled--1400.webp\" alt=\"\">\n\t<\/picture>\n<\/div>\n    <\/div>\n  <div class=\"bound boundwider wrap\">\n    <div class=\"content\">\n      \t<h2 class=\"nmc-block_title\">\n\t\t\u00bfBusca financiaci\u00f3n?\n\t<\/h2>\n\n      <div class=\"tabs\">\n        <div role=\"tablist\" class=\"tabs_list\">\n                                  <button role=\"tab\" aria-controls=\"tabpanel-block_01d70575bd95763147982764ee3b1384-1\" id=\"tab-block_01d70575bd95763147982764ee3b1384-1\" class=\"tab\" >Investigaci\u00f3n<\/button>\n                                  <button role=\"tab\" aria-controls=\"tabpanel-block_01d70575bd95763147982764ee3b1384-2\" id=\"tab-block_01d70575bd95763147982764ee3b1384-2\" class=\"tab\" tabindex=\"-1\">Becas<\/button>\n                                  <button role=\"tab\" aria-controls=\"tabpanel-block_01d70575bd95763147982764ee3b1384-3\" id=\"tab-block_01d70575bd95763147982764ee3b1384-3\" class=\"tab\" tabindex=\"-1\">Subvenciones<\/button>\n                  <\/div>\n                  <div tabindex=\"0\" role=\"tabpanel\" id=\"tabpanel-block_01d70575bd95763147982764ee3b1384-1\" aria-labelledby=\"tab-block_01d70575bd95763147982764ee3b1384-1\"  class=\"tab_panel\">\n            AFE se compromete a apoyar la investigaci\u00f3n que hace avanzar a la industria y combate los desaf\u00edos actuales. Esta investigaci\u00f3n beneficia a todos los sectores de la industria. Aceptamos nuevas solicitudes de propuestas de investigaci\u00f3n antes del 1 de agosto de cada a\u00f1o. \n\n            <div class=\"link\">\n              <a href=\"https:\/\/endowment.org\/es\/investigacion-2\/\" class=\"btn\" >Ver investigaci\u00f3n<\/a>            <\/div>\n          <\/div>\n                  <div tabindex=\"0\" role=\"tabpanel\" id=\"tabpanel-block_01d70575bd95763147982764ee3b1384-2\" aria-labelledby=\"tab-block_01d70575bd95763147982764ee3b1384-2\" hidden=\"\" class=\"tab_panel\">\n            Otorgar becas a estudiantes de floricultura y horticultura es una funci\u00f3n principal de AFE. \u00a1Entendemos la carga financiera que enfrentan los estudiantes y estamos haciendo nuestra parte para ayudar! Las solicitudes para nuestras m\u00e1s de 30 becas vencen el 1 de mayo de cada a\u00f1o. \n\n            <div class=\"link\">\n              <a href=\"https:\/\/endowment.org\/es\/students-young-professionals\/becas\/\" class=\"btn\" >Ver becas<\/a>            <\/div>\n          <\/div>\n                  <div tabindex=\"0\" role=\"tabpanel\" id=\"tabpanel-block_01d70575bd95763147982764ee3b1384-3\" aria-labelledby=\"tab-block_01d70575bd95763147982764ee3b1384-3\" hidden=\"\" class=\"tab_panel\">\n            AFE cree firmemente en la financiaci\u00f3n de programas educativos para promover y fortalecer la industria de la floricultura. La mayor\u00eda de los programas financiados tienen un gran alcance y se centran en atraer a los j\u00f3venes a la industria o son iniciativas educativas para identificar y resolver las necesidades y\/o desaf\u00edos de la industria. \r\n\n\n            <div class=\"link\">\n              <a href=\"https:\/\/endowment.org\/es\/apply-for-funding\/subvenciones\/\" class=\"btn\" >Ver Subvenciones<\/a>            <\/div>\n          <\/div>\n              <\/div>\n    <\/div>\n  <\/div>\n<\/div>","protected":false},"excerpt":{"rendered":"<p>NOTE: The 2026 National Floriculture Forum has been cancelled. Additional information will be released on the 2027 National Floriculture Forum once it is available. 2026 National Floriculture Forum | Jan. 25-30, 2026 Netherlands and ipm essen in germany The 2026 National Floriculture Forum was scheduled to take place from January 25 to 30, 2026. This [&hellip;]<\/p>\n","protected":false},"author":2,"featured_media":0,"parent":0,"menu_order":0,"comment_status":"closed","ping_status":"closed","template":"","meta":{"_acf_changed":false,"footnotes":""},"class_list":["post-10866","page","type-page","status-publish","hentry"],"acf":[],"yoast_head":"<!-- This site is optimized with the Yoast SEO plugin v28.3 - https:\/\/yoast.com\/product\/yoast-seo-wordpress\/ -->\n<title>National Floriculture Forum - American Floral Endowment<\/title>\n<meta name=\"robots\" content=\"index, follow, max-snippet:-1, max-image-preview:large, max-video-preview:-1\" \/>\n<link rel=\"canonical\" href=\"https:\/\/endowment.org\/es\/nff\/\" \/>\n<meta property=\"og:locale\" content=\"es_ES\" \/>\n<meta property=\"og:type\" content=\"article\" \/>\n<meta property=\"og:title\" content=\"National Floriculture Forum - American Floral Endowment\" \/>\n<meta property=\"og:description\" content=\"NOTE: The 2026 National Floriculture Forum has been cancelled. Additional information will be released on the 2027 National Floriculture Forum once it is available. 2026 National Floriculture Forum | Jan. 25-30, 2026 Netherlands and ipm essen in germany The 2026 National Floriculture Forum was scheduled to take place from January 25 to 30, 2026. This [&hellip;]\" \/>\n<meta property=\"og:url\" content=\"https:\/\/endowment.org\/es\/nff\/\" \/>\n<meta property=\"og:site_name\" content=\"American Floral Endowment\" \/>\n<meta property=\"article:modified_time\" content=\"2025-12-08T15:07:06+00:00\" \/>\n<meta property=\"og:image\" content=\"https:\/\/endowment.org\/wp-content\/uploads\/2024\/03\/image-1.png\" \/>\n\t<meta property=\"og:image:width\" content=\"300\" \/>\n\t<meta property=\"og:image:height\" content=\"152\" \/>\n\t<meta property=\"og:image:type\" content=\"image\/png\" \/>\n<meta name=\"twitter:card\" content=\"summary_large_image\" \/>\n<meta name=\"twitter:label1\" content=\"Est. reading time\" \/>\n\t<meta name=\"twitter:data1\" content=\"4 minutes\" \/>\n<script type=\"application\/ld+json\" class=\"yoast-schema-graph\">{\"@context\":\"https:\\\/\\\/schema.org\",\"@graph\":[{\"@type\":\"WebPage\",\"@id\":\"https:\\\/\\\/endowment.org\\\/nff\\\/\",\"url\":\"https:\\\/\\\/endowment.org\\\/nff\\\/\",\"name\":\"National Floriculture Forum - American Floral Endowment\",\"isPartOf\":{\"@id\":\"https:\\\/\\\/endowment.org\\\/#website\"},\"primaryImageOfPage\":{\"@id\":\"https:\\\/\\\/endowment.org\\\/nff\\\/#primaryimage\"},\"image\":{\"@id\":\"https:\\\/\\\/endowment.org\\\/nff\\\/#primaryimage\"},\"thumbnailUrl\":\"https:\\\/\\\/endowment.org\\\/wp-content\\\/uploads\\\/2024\\\/03\\\/image-1.png\",\"datePublished\":\"2024-03-18T15:40:17+00:00\",\"dateModified\":\"2025-12-08T15:07:06+00:00\",\"breadcrumb\":{\"@id\":\"https:\\\/\\\/endowment.org\\\/nff\\\/#breadcrumb\"},\"inLanguage\":\"es-ES\",\"potentialAction\":[{\"@type\":\"ReadAction\",\"target\":[\"https:\\\/\\\/endowment.org\\\/nff\\\/\"]}]},{\"@type\":\"ImageObject\",\"inLanguage\":\"es-ES\",\"@id\":\"https:\\\/\\\/endowment.org\\\/nff\\\/#primaryimage\",\"url\":\"https:\\\/\\\/endowment.org\\\/wp-content\\\/uploads\\\/2024\\\/03\\\/image-1.png\",\"contentUrl\":\"https:\\\/\\\/endowment.org\\\/wp-content\\\/uploads\\\/2024\\\/03\\\/image-1.png\"},{\"@type\":\"BreadcrumbList\",\"@id\":\"https:\\\/\\\/endowment.org\\\/nff\\\/#breadcrumb\",\"itemListElement\":[{\"@type\":\"ListItem\",\"position\":1,\"name\":\"Home\",\"item\":\"https:\\\/\\\/endowment.org\\\/\"},{\"@type\":\"ListItem\",\"position\":2,\"name\":\"National Floriculture Forum\"}]},{\"@type\":\"WebSite\",\"@id\":\"https:\\\/\\\/endowment.org\\\/#website\",\"url\":\"https:\\\/\\\/endowment.org\\\/\",\"name\":\"American Floral Endowment\",\"description\":\"Funding the Future of Floriculture\",\"potentialAction\":[{\"@type\":\"SearchAction\",\"target\":{\"@type\":\"EntryPoint\",\"urlTemplate\":\"https:\\\/\\\/endowment.org\\\/?s={search_term_string}\"},\"query-input\":{\"@type\":\"PropertyValueSpecification\",\"valueRequired\":true,\"valueName\":\"search_term_string\"}}],\"inLanguage\":\"es-ES\"}]}<\/script>\n<!-- \/ Yoast SEO plugin. -->","yoast_head_json":{"title":"Foro Nacional de Floricultura - American Floral Endowment","robots":{"index":"index","follow":"follow","max-snippet":"max-snippet:-1","max-image-preview":"max-image-preview:large","max-video-preview":"max-video-preview:-1"},"canonical":"https:\/\/endowment.org\/es\/nff\/","og_locale":"es_ES","og_type":"article","og_title":"National Floriculture Forum - American Floral Endowment","og_description":"NOTE: The 2026 National Floriculture Forum has been cancelled. Additional information will be released on the 2027 National Floriculture Forum once it is available. 2026 National Floriculture Forum | Jan. 25-30, 2026 Netherlands and ipm essen in germany The 2026 National Floriculture Forum was scheduled to take place from January 25 to 30, 2026. This [&hellip;]","og_url":"https:\/\/endowment.org\/es\/nff\/","og_site_name":"American Floral Endowment","article_modified_time":"2025-12-08T15:07:06+00:00","og_image":[{"width":300,"height":152,"url":"https:\/\/endowment.org\/wp-content\/uploads\/2024\/03\/image-1.png","type":"image\/png"}],"twitter_card":"summary_large_image","twitter_misc":{"Est. reading time":"4 minutes"},"schema":{"@context":"https:\/\/schema.org","@graph":[{"@type":"WebPage","@id":"https:\/\/endowment.org\/nff\/","url":"https:\/\/endowment.org\/nff\/","name":"Foro Nacional de Floricultura - American Floral Endowment","isPartOf":{"@id":"https:\/\/endowment.org\/#website"},"primaryImageOfPage":{"@id":"https:\/\/endowment.org\/nff\/#primaryimage"},"image":{"@id":"https:\/\/endowment.org\/nff\/#primaryimage"},"thumbnailUrl":"https:\/\/endowment.org\/wp-content\/uploads\/2024\/03\/image-1.png","datePublished":"2024-03-18T15:40:17+00:00","dateModified":"2025-12-08T15:07:06+00:00","breadcrumb":{"@id":"https:\/\/endowment.org\/nff\/#breadcrumb"},"inLanguage":"es-ES","potentialAction":[{"@type":"ReadAction","target":["https:\/\/endowment.org\/nff\/"]}]},{"@type":"ImageObject","inLanguage":"es-ES","@id":"https:\/\/endowment.org\/nff\/#primaryimage","url":"https:\/\/endowment.org\/wp-content\/uploads\/2024\/03\/image-1.png","contentUrl":"https:\/\/endowment.org\/wp-content\/uploads\/2024\/03\/image-1.png"},{"@type":"BreadcrumbList","@id":"https:\/\/endowment.org\/nff\/#breadcrumb","itemListElement":[{"@type":"ListItem","position":1,"name":"Home","item":"https:\/\/endowment.org\/"},{"@type":"ListItem","position":2,"name":"National Floriculture Forum"}]},{"@type":"WebSite","@id":"https:\/\/endowment.org\/#website","url":"https:\/\/endowment.org\/","name":"Fundaci\u00f3n Floral Americana","description":"Financiaci\u00f3n del futuro de la floricultura","potentialAction":[{"@type":"SearchAction","target":{"@type":"EntryPoint","urlTemplate":"https:\/\/endowment.org\/?s={search_term_string}"},"query-input":{"@type":"PropertyValueSpecification","valueRequired":true,"valueName":"search_term_string"}}],"inLanguage":"es-ES"}]}},"_links":{"self":[{"href":"https:\/\/endowment.org\/es\/wp-json\/wp\/v2\/pages\/10866","targetHints":{"allow":["GET"]}}],"collection":[{"href":"https:\/\/endowment.org\/es\/wp-json\/wp\/v2\/pages"}],"about":[{"href":"https:\/\/endowment.org\/es\/wp-json\/wp\/v2\/types\/page"}],"author":[{"embeddable":true,"href":"https:\/\/endowment.org\/es\/wp-json\/wp\/v2\/users\/2"}],"replies":[{"embeddable":true,"href":"https:\/\/endowment.org\/es\/wp-json\/wp\/v2\/comments?post=10866"}],"version-history":[{"count":50,"href":"https:\/\/endowment.org\/es\/wp-json\/wp\/v2\/pages\/10866\/revisions"}],"predecessor-version":[{"id":23653,"href":"https:\/\/endowment.org\/es\/wp-json\/wp\/v2\/pages\/10866\/revisions\/23653"}],"wp:attachment":[{"href":"https:\/\/endowment.org\/es\/wp-json\/wp\/v2\/media?parent=10866"}],"curies":[{"name":"bien jugado","href":"https:\/\/api.w.org\/{rel}","templated":true}]}}